{"id":12695,"date":"2026-04-27T13:57:42","date_gmt":"2026-04-27T13:57:42","guid":{"rendered":""},"modified":"2026-04-27T13:57:42","modified_gmt":"2026-04-27T13:57:42","slug":"akce-sanplast-vana-obdelnikova-180x80-cm-wpdo-basic-akrylat-12695","status":"publish","type":"product","link":"https:\/\/www.koupeltech.com\/index.php\/produkt\/akce-sanplast-vana-obdelnikova-180x80-cm-wpdo-basic-akrylat-12695\/","title":{"rendered":"Akce Sanplast Vana obd\u00e9ln\u00edkov\u00e1 180&#215;80 cm WPdo\/BASIC akryl\u00e1t"},"content":{"rendered":"<div class=\"ProductDetail-content NoFixImageContainer\" id=\"productDescription\">\n<div class=\"Heading\">\n<h2 class=\"Heading-title\">Popis produktu <span class=''>Sanplast Vana obd\u00e9ln\u00edkov\u00e1 180&#215;80 cm WPdo\/BASIC akryl\u00e1t<\/span><\/h2>\n<\/p><\/div>\n<div class=\"ProductDetailContent\">                                                                    <\/div>\n<div class=\"ProductDetailContent\">\n<div class=\"ProductDetailContent-item\">\n<p><span style=\"font-size:16px\"><strong>Akryl\u00e1tov\u00e9 vany pat\u0159\u00ed k nejobl\u00edben\u011bj\u0161\u00edm typ\u016fm v dom\u00e1cnostech.<\/strong> S\u00e9rie BASIC nab\u00edz\u00ed obd\u00e9ln\u00edkov\u00e9 koupelnov\u00e9 vany s jedn\u00edm nebo dv\u011bma op\u011bradly, a rovn\u011b\u017e i ov\u00e1ln\u00e9 a \u0161esti\u00faheln\u00edkov\u00e9 varianty, kter\u00e9 roz\u0161i\u0159uj\u00ed v\u00fdb\u011br v z\u00e1kladn\u00edm segmentu. \u0158ada WPdo\/BASIC je ide\u00e1ln\u00edm \u0159e\u0161en\u00edm pro ty, kte\u0159\u00ed hledaj\u00ed komfortn\u00ed a funk\u010dn\u00ed vanu za dostupnou cenu. <strong>Vany s oboustrann\u00fdm op\u011bradlem<\/strong> maj\u00ed optim\u00e1ln\u00ed hloubku 45 cm a jsou vyrobeny ze sanit\u00e1rn\u00edho akrylu, kter\u00fd pom\u00e1h\u00e1 udr\u017eet st\u00e1lou teplotu vody b\u011bhem koupele. Sou\u010d\u00e1st\u00ed ka\u017ed\u00e9 vany je stabiln\u00ed r\u00e1m, kter\u00fd usnad\u0148uje instalaci a zvy\u0161uje \u017eivotnost v\u00fdrobku.<\/span><\/p>\n<h3><span style=\"color:#e67e22\"><strong><span style=\"font-size:22px\">Technick\u00e9 parametry<\/span><\/strong><\/span><\/h3>\n<ul>\n<li><span style=\"font-size:16px\"><strong>Typ v\u00fdrobku:<\/strong> koupelnov\u00e1 vana<\/span><\/li>\n<li><span style=\"font-size:16px\"><strong>Tvar:<\/strong> obd\u00e9ln\u00edkov\u00fd<\/span><\/li>\n<li><span style=\"font-size:16px\"><strong>Materi\u00e1l:<\/strong> akryl\u00e1t<\/span><\/li>\n<li><span style=\"font-size:16px\"><strong>Orientace:<\/strong> univerz\u00e1ln\u00ed<\/span><\/li>\n<li><span style=\"font-size:16px\"><strong>Pr\u016fm\u011br odtoku:<\/strong> 52 mm<\/span><\/li>\n<li><span style=\"font-size:16px\"><strong>V\u00fdbava:<\/strong>\u00a0<\/span><span style=\"font-size:16px\">no\u017ei\u010dky<\/span><\/li>\n<li><span style=\"font-size:16px\"><strong>Rozm\u011bry:<\/strong>\u00a0180&#215;80 cm<\/span><\/li>\n<li><span style=\"font-size:16px\"><strong>Hloubka:<\/strong> 45 cm<\/span><\/li>\n<li><span style=\"font-size:16px\"><strong>Objem:<\/strong> 270 l<\/span><\/li>\n<\/ul><\/div>\n<div class=\"ProductDetailContent-item\">\n<ul>\n<li>Hloubka: <strong>450 mm<\/strong><\/li>\n<li>\u0160\u00ed\u0159ka: <strong>800 mm<\/strong><\/li>\n<li>S p\u0159epadem: <strong>ano<\/strong><\/li>\n<li>Tvar: <strong>obd\u00e9ln\u00edk<\/strong><\/li>\n<li>D\u00e9lka: <strong>1800 mm<\/strong><\/li>\n<li>V\u00fd\u0161ka: <strong>600 mm<\/strong><\/li>\n<li>Rozm\u011bry balen\u00ed: <strong><\/strong><\/li>\n<li>Pr\u016fm\u011br odtoku: <strong>52 mm<\/strong><\/li>\n<li>Materi\u00e1l: <strong>akryl\u00e1t<\/strong><\/li>\n<li>No\u017ei\u010dky v cen\u011b: <strong>ano<\/strong><\/li>\n<li>Sifon v cen\u011b: <strong>ne<\/strong><\/li>\n<li>Orientace: <strong>univerz\u00e1ln\u00ed<\/strong><\/li>\n<\/ul><\/div>\n<div class=\"ProductDetailContent-item\">\n<div style=\"background-color:#f9f9f9; border-left:5px solid #4caf50; border-radius:8px; box-shadow:0 4px 12px rgba(0,0,0,0.1); font-family:Arial,sans-serif; margin-bottom:20px; padding:25px 20px 20px 20px; position:relative\"><!-- Ikona info v lev\u00e9m horn\u00edm rohu --><\/p>\n<div style=\"align-items:center; background-color:#4caf50; border-radius:50%; color:#ffffff; display:flex; font-size:18px; font-weight:bold; height:30px; justify-content:center; left:-10px; position:absolute; top:-10px; width:30px\">i<\/div>\n<h3 style=\"margin-left:15px\">\u2705 Kvalitn\u00ed mont\u00e1\u017e vany je z\u00e1klad pohodln\u00e9ho koup\u00e1n\u00ed \u2013 nechte to na n\u00e1s<\/h3>\n<p>Spr\u00e1vn\u00e1 mont\u00e1\u017e <strong>vany<\/strong> je kl\u00ed\u010dem k jej\u00ed dlouh\u00e9 \u017eivotnosti, bezpe\u010dnosti i bezprobl\u00e9mov\u00e9mu provozu. A\u0165 u\u017e se jedn\u00e1 o klasickou <strong>obd\u00e9ln\u00edkovou vanu<\/strong>, <strong>rohovou<\/strong>, <strong>asymetrickou<\/strong> \u010di <strong>voln\u011b stoj\u00edc\u00ed<\/strong>, je v\u017edy d\u016fle\u017eit\u00e9 zajistit precizn\u00ed usazen\u00ed, stabilitu a pe\u010dliv\u00e9 ut\u011bsn\u011bn\u00ed v\u0161ech napojen\u00ed.<\/p>\n<p><strong>Nab\u00edz\u00edme odbornou mont\u00e1\u017e van v\u0161ech typ\u016f i zna\u010dek<\/strong>. Postar\u00e1me se o p\u0159esn\u00e9 zam\u011b\u0159en\u00ed, demont\u00e1\u017e p\u016fvodn\u00ed vany, p\u0159\u00edpravu prostoru, instalaci vany v\u010detn\u011b napojen\u00ed na odpad a vodu, i osazen\u00ed <strong>vanov\u00e9 baterie<\/strong> nebo <strong>vanov\u00e9 z\u00e1st\u011bny<\/strong>. Po dokon\u010den\u00ed v\u017edy d\u016fsledn\u011b otestujeme funk\u010dnost a db\u00e1me na \u010dist\u00fd a profesion\u00e1ln\u00ed v\u00fdstup.<\/p>\n<p><strong>Mont\u00e1\u017e vany p\u0159enechte zku\u0161en\u00fdm odborn\u00edk\u016fm<\/strong>, vyhnete se nep\u0159esnostem, net\u011bsnostem nebo probl\u00e9m\u016fm s podlahou a izolac\u00ed. Pracujeme rychle, pe\u010dliv\u011b a s respektem k va\u0161emu interi\u00e9ru.<\/p>\n<\/div><\/div>\n<\/p><\/div>\n<\/p><\/div>\n<\/p><\/div>\n<\/p><\/div>\n","protected":false},"excerpt":{"rendered":"<p>Popis produktu Sanplast Vana obd\u00e9ln\u00edkov\u00e1 180&#215;80 cm WPdo\/BASIC akryl\u00e1t Akryl\u00e1tov\u00e9 vany pat\u0159\u00ed k nejobl\u00edben\u011bj\u0161\u00edm typ\u016fm v dom\u00e1cnostech. S\u00e9rie BASIC nab\u00edz\u00ed obd\u00e9ln\u00edkov\u00e9 koupelnov\u00e9 vany s jedn\u00edm nebo dv\u011bma op\u011bradly, a rovn\u011b\u017e i ov\u00e1ln\u00e9 a \u0161esti\u00faheln\u00edkov\u00e9 varianty, kter\u00e9 roz\u0161i\u0159uj\u00ed v\u00fdb\u011br v z\u00e1kladn\u00edm segmentu. \u0158ada WPdo\/BASIC je ide\u00e1ln\u00edm \u0159e\u0161en\u00edm pro ty, kte\u0159\u00ed hledaj\u00ed komfortn\u00ed a funk\u010dn\u00ed vanu za [&hellip;]<\/p>\n","protected":false},"featured_media":12795,"comment_status":"open","ping_status":"open","template":"","meta":[],"product_brand":[],"product_cat":[77],"product_tag":[],"class_list":{"0":"post-12695","1":"product","2":"type-product","3":"status-publish","4":"has-post-thumbnail","6":"product_cat-koupelny","8":"first","9":"instock","10":"sale","11":"shipping-taxable","12":"purchasable","13":"product-type-simple"},"yoast_head":"<!-- This site is optimized with the Yoast SEO plugin v26.8 - https:\/\/yoast.com\/product\/yoast-seo-wordpress\/ -->\n<title>Akce Sanplast Vana obd\u00e9ln\u00edkov\u00e1 180x80 cm WPdo\/BASIC akryl\u00e1t -<\/title>\n<meta name=\"robots\" content=\"index, follow, max-snippet:-1, max-image-preview:large, max-video-preview:-1\" \/>\n<link rel=\"canonical\" href=\"https:\/\/www.koupeltech.com\/index.php\/produkt\/akce-sanplast-vana-obdelnikova-180x80-cm-wpdo-basic-akrylat-12695\/\" \/>\n<meta property=\"og:locale\" content=\"cs_CZ\" \/>\n<meta property=\"og:type\" content=\"article\" \/>\n<meta property=\"og:title\" content=\"Akce Sanplast Vana obd\u00e9ln\u00edkov\u00e1 180x80 cm WPdo\/BASIC akryl\u00e1t -\" \/>\n<meta property=\"og:description\" content=\"Popis produktu Sanplast Vana obd\u00e9ln\u00edkov\u00e1 180&#215;80 cm WPdo\/BASIC akryl\u00e1t Akryl\u00e1tov\u00e9 vany pat\u0159\u00ed k nejobl\u00edben\u011bj\u0161\u00edm typ\u016fm v dom\u00e1cnostech. S\u00e9rie BASIC nab\u00edz\u00ed obd\u00e9ln\u00edkov\u00e9 koupelnov\u00e9 vany s jedn\u00edm nebo dv\u011bma op\u011bradly, a rovn\u011b\u017e i ov\u00e1ln\u00e9 a \u0161esti\u00faheln\u00edkov\u00e9 varianty, kter\u00e9 roz\u0161i\u0159uj\u00ed v\u00fdb\u011br v z\u00e1kladn\u00edm segmentu. \u0158ada WPdo\/BASIC je ide\u00e1ln\u00edm \u0159e\u0161en\u00edm pro ty, kte\u0159\u00ed hledaj\u00ed komfortn\u00ed a funk\u010dn\u00ed vanu za [&hellip;]\" \/>\n<meta property=\"og:url\" content=\"https:\/\/www.koupeltech.com\/index.php\/produkt\/akce-sanplast-vana-obdelnikova-180x80-cm-wpdo-basic-akrylat-12695\/\" \/>\n<meta property=\"og:image\" content=\"https:\/\/www.koupeltech.com\/wp-content\/uploads\/2026\/SK0023695-CZ20260425-092632-0-1777080397-sanplast-vana-obdelnikova-180x80-cm-wpdo-basic-akrylat-9984.webp\" \/>\n\t<meta property=\"og:image:width\" content=\"600\" \/>\n\t<meta property=\"og:image:height\" content=\"295\" \/>\n\t<meta property=\"og:image:type\" content=\"image\/webp\" \/>\n<meta name=\"twitter:card\" content=\"summary_large_image\" \/>\n<meta name=\"twitter:label1\" content=\"Odhadovan\u00e1 doba \u010dten\u00ed\" \/>\n\t<meta name=\"twitter:data1\" content=\"2 minuty\" \/>\n<script type=\"application\/ld+json\" class=\"yoast-schema-graph\">{\"@context\":\"https:\/\/schema.org\",\"@graph\":[{\"@type\":\"WebPage\",\"@id\":\"https:\/\/www.koupeltech.com\/index.php\/produkt\/akce-sanplast-vana-obdelnikova-180x80-cm-wpdo-basic-akrylat-12695\/\",\"url\":\"https:\/\/www.koupeltech.com\/index.php\/produkt\/akce-sanplast-vana-obdelnikova-180x80-cm-wpdo-basic-akrylat-12695\/\",\"name\":\"Akce Sanplast Vana obd\u00e9ln\u00edkov\u00e1 180x80 cm WPdo\/BASIC akryl\u00e1t -\",\"isPartOf\":{\"@id\":\"https:\/\/www.koupeltech.com\/#website\"},\"primaryImageOfPage\":{\"@id\":\"https:\/\/www.koupeltech.com\/index.php\/produkt\/akce-sanplast-vana-obdelnikova-180x80-cm-wpdo-basic-akrylat-12695\/#primaryimage\"},\"image\":{\"@id\":\"https:\/\/www.koupeltech.com\/index.php\/produkt\/akce-sanplast-vana-obdelnikova-180x80-cm-wpdo-basic-akrylat-12695\/#primaryimage\"},\"thumbnailUrl\":\"https:\/\/www.koupeltech.com\/wp-content\/uploads\/2026\/SK0023695-CZ20260425-092632-0-1777080397-sanplast-vana-obdelnikova-180x80-cm-wpdo-basic-akrylat-9984.webp\",\"datePublished\":\"2026-04-27T13:57:42+00:00\",\"breadcrumb\":{\"@id\":\"https:\/\/www.koupeltech.com\/index.php\/produkt\/akce-sanplast-vana-obdelnikova-180x80-cm-wpdo-basic-akrylat-12695\/#breadcrumb\"},\"inLanguage\":\"cs\",\"potentialAction\":[{\"@type\":\"ReadAction\",\"target\":[\"https:\/\/www.koupeltech.com\/index.php\/produkt\/akce-sanplast-vana-obdelnikova-180x80-cm-wpdo-basic-akrylat-12695\/\"]}]},{\"@type\":\"ImageObject\",\"inLanguage\":\"cs\",\"@id\":\"https:\/\/www.koupeltech.com\/index.php\/produkt\/akce-sanplast-vana-obdelnikova-180x80-cm-wpdo-basic-akrylat-12695\/#primaryimage\",\"url\":\"https:\/\/www.koupeltech.com\/wp-content\/uploads\/2026\/SK0023695-CZ20260425-092632-0-1777080397-sanplast-vana-obdelnikova-180x80-cm-wpdo-basic-akrylat-9984.webp\",\"contentUrl\":\"https:\/\/www.koupeltech.com\/wp-content\/uploads\/2026\/SK0023695-CZ20260425-092632-0-1777080397-sanplast-vana-obdelnikova-180x80-cm-wpdo-basic-akrylat-9984.webp\",\"width\":600,\"height\":295},{\"@type\":\"BreadcrumbList\",\"@id\":\"https:\/\/www.koupeltech.com\/index.php\/produkt\/akce-sanplast-vana-obdelnikova-180x80-cm-wpdo-basic-akrylat-12695\/#breadcrumb\",\"itemListElement\":[{\"@type\":\"ListItem\",\"position\":1,\"name\":\"Home\",\"item\":\"https:\/\/www.koupeltech.com\/\"},{\"@type\":\"ListItem\",\"position\":2,\"name\":\"Products\",\"item\":\"https:\/\/www.koupeltech.com\/index.php\/products\/\"},{\"@type\":\"ListItem\",\"position\":3,\"name\":\"Akce Sanplast Vana obd\u00e9ln\u00edkov\u00e1 180&#215;80 cm WPdo\/BASIC akryl\u00e1t\"}]},{\"@type\":\"WebSite\",\"@id\":\"https:\/\/www.koupeltech.com\/#website\",\"url\":\"https:\/\/www.koupeltech.com\/\",\"name\":\"\",\"description\":\"\",\"potentialAction\":[{\"@type\":\"SearchAction\",\"target\":{\"@type\":\"EntryPoint\",\"urlTemplate\":\"https:\/\/www.koupeltech.com\/?s={search_term_string}\"},\"query-input\":{\"@type\":\"PropertyValueSpecification\",\"valueRequired\":true,\"valueName\":\"search_term_string\"}}],\"inLanguage\":\"cs\"}]}<\/script>\n<!-- \/ Yoast SEO plugin. -->","yoast_head_json":{"title":"Akce Sanplast Vana obd\u00e9ln\u00edkov\u00e1 180x80 cm WPdo\/BASIC akryl\u00e1t -","robots":{"index":"index","follow":"follow","max-snippet":"max-snippet:-1","max-image-preview":"max-image-preview:large","max-video-preview":"max-video-preview:-1"},"canonical":"https:\/\/www.koupeltech.com\/index.php\/produkt\/akce-sanplast-vana-obdelnikova-180x80-cm-wpdo-basic-akrylat-12695\/","og_locale":"cs_CZ","og_type":"article","og_title":"Akce Sanplast Vana obd\u00e9ln\u00edkov\u00e1 180x80 cm WPdo\/BASIC akryl\u00e1t -","og_description":"Popis produktu Sanplast Vana obd\u00e9ln\u00edkov\u00e1 180&#215;80 cm WPdo\/BASIC akryl\u00e1t Akryl\u00e1tov\u00e9 vany pat\u0159\u00ed k nejobl\u00edben\u011bj\u0161\u00edm typ\u016fm v dom\u00e1cnostech. S\u00e9rie BASIC nab\u00edz\u00ed obd\u00e9ln\u00edkov\u00e9 koupelnov\u00e9 vany s jedn\u00edm nebo dv\u011bma op\u011bradly, a rovn\u011b\u017e i ov\u00e1ln\u00e9 a \u0161esti\u00faheln\u00edkov\u00e9 varianty, kter\u00e9 roz\u0161i\u0159uj\u00ed v\u00fdb\u011br v z\u00e1kladn\u00edm segmentu. \u0158ada WPdo\/BASIC je ide\u00e1ln\u00edm \u0159e\u0161en\u00edm pro ty, kte\u0159\u00ed hledaj\u00ed komfortn\u00ed a funk\u010dn\u00ed vanu za [&hellip;]","og_url":"https:\/\/www.koupeltech.com\/index.php\/produkt\/akce-sanplast-vana-obdelnikova-180x80-cm-wpdo-basic-akrylat-12695\/","og_image":[{"width":600,"height":295,"url":"https:\/\/www.koupeltech.com\/wp-content\/uploads\/2026\/SK0023695-CZ20260425-092632-0-1777080397-sanplast-vana-obdelnikova-180x80-cm-wpdo-basic-akrylat-9984.webp","type":"image\/webp"}],"twitter_card":"summary_large_image","twitter_misc":{"Odhadovan\u00e1 doba \u010dten\u00ed":"2 minuty"},"schema":{"@context":"https:\/\/schema.org","@graph":[{"@type":"WebPage","@id":"https:\/\/www.koupeltech.com\/index.php\/produkt\/akce-sanplast-vana-obdelnikova-180x80-cm-wpdo-basic-akrylat-12695\/","url":"https:\/\/www.koupeltech.com\/index.php\/produkt\/akce-sanplast-vana-obdelnikova-180x80-cm-wpdo-basic-akrylat-12695\/","name":"Akce Sanplast Vana obd\u00e9ln\u00edkov\u00e1 180x80 cm WPdo\/BASIC akryl\u00e1t -","isPartOf":{"@id":"https:\/\/www.koupeltech.com\/#website"},"primaryImageOfPage":{"@id":"https:\/\/www.koupeltech.com\/index.php\/produkt\/akce-sanplast-vana-obdelnikova-180x80-cm-wpdo-basic-akrylat-12695\/#primaryimage"},"image":{"@id":"https:\/\/www.koupeltech.com\/index.php\/produkt\/akce-sanplast-vana-obdelnikova-180x80-cm-wpdo-basic-akrylat-12695\/#primaryimage"},"thumbnailUrl":"https:\/\/www.koupeltech.com\/wp-content\/uploads\/2026\/SK0023695-CZ20260425-092632-0-1777080397-sanplast-vana-obdelnikova-180x80-cm-wpdo-basic-akrylat-9984.webp","datePublished":"2026-04-27T13:57:42+00:00","breadcrumb":{"@id":"https:\/\/www.koupeltech.com\/index.php\/produkt\/akce-sanplast-vana-obdelnikova-180x80-cm-wpdo-basic-akrylat-12695\/#breadcrumb"},"inLanguage":"cs","potentialAction":[{"@type":"ReadAction","target":["https:\/\/www.koupeltech.com\/index.php\/produkt\/akce-sanplast-vana-obdelnikova-180x80-cm-wpdo-basic-akrylat-12695\/"]}]},{"@type":"ImageObject","inLanguage":"cs","@id":"https:\/\/www.koupeltech.com\/index.php\/produkt\/akce-sanplast-vana-obdelnikova-180x80-cm-wpdo-basic-akrylat-12695\/#primaryimage","url":"https:\/\/www.koupeltech.com\/wp-content\/uploads\/2026\/SK0023695-CZ20260425-092632-0-1777080397-sanplast-vana-obdelnikova-180x80-cm-wpdo-basic-akrylat-9984.webp","contentUrl":"https:\/\/www.koupeltech.com\/wp-content\/uploads\/2026\/SK0023695-CZ20260425-092632-0-1777080397-sanplast-vana-obdelnikova-180x80-cm-wpdo-basic-akrylat-9984.webp","width":600,"height":295},{"@type":"BreadcrumbList","@id":"https:\/\/www.koupeltech.com\/index.php\/produkt\/akce-sanplast-vana-obdelnikova-180x80-cm-wpdo-basic-akrylat-12695\/#breadcrumb","itemListElement":[{"@type":"ListItem","position":1,"name":"Home","item":"https:\/\/www.koupeltech.com\/"},{"@type":"ListItem","position":2,"name":"Products","item":"https:\/\/www.koupeltech.com\/index.php\/products\/"},{"@type":"ListItem","position":3,"name":"Akce Sanplast Vana obd\u00e9ln\u00edkov\u00e1 180&#215;80 cm WPdo\/BASIC akryl\u00e1t"}]},{"@type":"WebSite","@id":"https:\/\/www.koupeltech.com\/#website","url":"https:\/\/www.koupeltech.com\/","name":"","description":"","potentialAction":[{"@type":"SearchAction","target":{"@type":"EntryPoint","urlTemplate":"https:\/\/www.koupeltech.com\/?s={search_term_string}"},"query-input":{"@type":"PropertyValueSpecification","valueRequired":true,"valueName":"search_term_string"}}],"inLanguage":"cs"}]}},"_links":{"self":[{"href":"https:\/\/www.koupeltech.com\/index.php\/wp-json\/wp\/v2\/product\/12695","targetHints":{"allow":["GET"]}}],"collection":[{"href":"https:\/\/www.koupeltech.com\/index.php\/wp-json\/wp\/v2\/product"}],"about":[{"href":"https:\/\/www.koupeltech.com\/index.php\/wp-json\/wp\/v2\/types\/product"}],"replies":[{"embeddable":true,"href":"https:\/\/www.koupeltech.com\/index.php\/wp-json\/wp\/v2\/comments?post=12695"}],"wp:featuredmedia":[{"embeddable":true,"href":"https:\/\/www.koupeltech.com\/index.php\/wp-json\/wp\/v2\/media\/12795"}],"wp:attachment":[{"href":"https:\/\/www.koupeltech.com\/index.php\/wp-json\/wp\/v2\/media?parent=12695"}],"wp:term":[{"taxonomy":"product_brand","embeddable":true,"href":"https:\/\/www.koupeltech.com\/index.php\/wp-json\/wp\/v2\/product_brand?post=12695"},{"taxonomy":"product_cat","embeddable":true,"href":"https:\/\/www.koupeltech.com\/index.php\/wp-json\/wp\/v2\/product_cat?post=12695"},{"taxonomy":"product_tag","embeddable":true,"href":"https:\/\/www.koupeltech.com\/index.php\/wp-json\/wp\/v2\/product_tag?post=12695"}],"curies":[{"name":"wp","href":"https:\/\/api.w.org\/{rel}","templated":true}]}}