{"id":21774,"date":"2026-04-27T13:59:07","date_gmt":"2026-04-27T13:59:07","guid":{"rendered":""},"modified":"2026-04-27T13:59:07","modified_gmt":"2026-04-27T13:59:07","slug":"zlevneny-roth-cariba-line-ci-c2l-ci-c2r-sprchovy-kout-obdelnikovy-100x80-cm-21774","status":"publish","type":"product","link":"https:\/\/www.koupeltech.com\/index.php\/produkt\/zlevneny-roth-cariba-line-ci-c2l-ci-c2r-sprchovy-kout-obdelnikovy-100x80-cm-21774\/","title":{"rendered":"Zlevn\u011bn\u00fd Roth CARIBA LINE CI C2L+CI C2R Sprchov\u00fd kout obd\u00e9ln\u00edkov\u00fd 100&#215;80 cm"},"content":{"rendered":"<div class=\"basic-description\">\n<h3>Detailn\u00ed popis produktu<\/h3>\n<div class=\"cHeading \">\n<div class=\"cHeading \">\n<div class=\"cHeading \">\n<div class=\"cHeading \">\n<div class=\"cHeading \">\n<h1 class=\"cHeading__hx\">CARIBA LINE<\/h1>\n<\/div>\n<div class=\"cPerex__desc \">\n<h2>Nej\u0161ir\u0161\u00ed v\u00fdb\u011br tvar\u016f a variant v jedn\u00e9 s\u00e9rii<\/h2>\n<p>Vylad\u011bn\u00fd vzhled a\u017e do nejmen\u0161\u00edho detailu v dokonal\u00e9 harmonii kovu a skla.<span>&nbsp;<\/span><strong>Nechte se un\u00e1\u0161et vlnou relaxace, sn\u011bn\u00ed a pohody&#8230;<\/strong><br \/>Nesp\u011bchejte, v\u017edy\u0165 jste ji pr\u00e1v\u011b objevili. S\u00e9rie Cariba Line p\u0159in\u00e1\u0161\u00ed to prav\u00e9 \u0159e\u0161en\u00ed pro ka\u017edou koupelnu.<br \/><b>Symetrick\u00e9 madlo dve\u0159\u00ed padne perfektn\u011b do ruky<\/b>, o pohodln\u00e9 oboustrann\u00e9 otev\u00edr\u00e1n\u00ed se postar\u00e1&nbsp;kvalitn\u00ed&nbsp;zdvihov\u00fd&nbsp;mechanismus&nbsp;a<span>&nbsp;<\/span><strong>na\u0161e promy\u0161len\u00e9 technick\u00e9 prvky v\u00e1m dop\u0159ej\u00ed opravdu snadnou \u00fadr\u017ebu<\/strong>.<\/p>\n<\/div>\n<\/article>\n<\/div>\n<\/div>\n<ul>\n<li>Inovovan\u00fd zdvihov\u00fd mechanismus s obojstrann\u00fdm otev\u00edr\u00e1n\u00edm<\/li>\n<li>S\u00e9rie s nej\u0161ir\u0161\u00ed nab\u00eddkou \u0159e\u0161en\u00ed pro va\u0161i koupelnu<\/li>\n<li>Technick\u00e9 vychyt\u00e1vky pro snadnou \u00fadr\u017ebu<span><\/span><\/li>\n<li>Vylad\u011bn\u00fd design kovov\u00fdch prvk\u016f<\/li>\n<\/ul>\n<\/div>\n<\/div>\n<div class=\"cHeading \">\n<div class=\"cHeading \">\n<div class=\"cHeading \">\n<div class=\"cHeading \">\n<div class=\"cHeading \">\n<div class=\"cHeading \">\n<div class=\"cHeading \">\n<div class=\"cHeading \">\n<div class=\"cHeading \">\n<div class=\"cHeading \">\n<h1 class=\"cHeading__hx\">CI C2L+CI C2R<\/h1>\n<\/div>\n<div class=\"cPerex__desc \">\n<h3>\u010ctvercov\u00fd nebo obd\u00e9ln\u00edkov\u00fd sprchov\u00fd kout s dvoud\u00edln\u00fdmi posuvn\u00fdmi dve\u0159mi<\/h3>\n<p><strong>Nejnov\u011bj\u0161\u00ed \u0159ada CARIBA LINE nab\u00edz\u00ed \u0161irokou paletu mo\u017enost\u00ed pro \u0159e\u0161en\u00ed va\u0161\u00ed koupelny<\/strong>. Skute\u010dn\u011b perfektn\u00ed je zpracov\u00e1n\u00ed v\u0161ech technick\u00fdch \u010d\u00e1st\u00ed &#8211;<strong>&nbsp;kvalitn\u00ed inovovan\u00e9 pojezdy, nastaviteln\u00e9 st\u011bnov\u00e9 profily z hlin\u00edku i stabiln\u00ed r\u00e1m s pohodln\u00fdm bezbari\u00e9rov\u00fdm vstupem.<\/strong>&nbsp;S\u00e9rie&nbsp;pou\u017e\u00edv\u00e1&nbsp;<strong>6mm&nbsp;<\/strong><strong>bezpe\u010dnostn\u00ed sklo<\/strong>&nbsp;s&nbsp;aplikovanou ochrannou vrstvou RothETC.<span>&nbsp;<\/span><strong>Snadn\u00e1 \u00fadr\u017eba<\/strong><strong>&nbsp;<\/strong>prost\u0159ednictv\u00edm<strong><span>&nbsp;<\/span>modern\u00edho zp\u016fsobu vykl\u00e1p\u011bn\u00ed dve\u0159\u00ed<\/strong>,&nbsp;<strong>dvoumetrov\u00e1 standardn\u00ed v\u00fd\u0161ka<\/strong>&nbsp;a nav\u00edc i<span>&nbsp;<\/span><strong>velkorys\u00fd v\u00fdb\u011br instala\u010dn\u00edch rozm\u011br\u016f<\/strong>. To v\u0161e a je\u0161t\u011b mnohem v\u00edc objev\u00edte, pokud zvol\u00edte n\u011bkter\u00fd z dokonal\u00fdch produkt\u016f t\u00e9to \u0159ady.<\/p>\n<\/div>\n<\/article>\n<\/div>\n<\/div>\n<\/div>\n<\/div>\n<\/div>\n<\/div>\n<\/div>\n<\/div>\n<\/div>\n<table width=\"557\">\n<tbody>\n<tr style=\"height: 82px;\">\n<td style=\"width: 104.328px; text-align: center; height: 82px;\"><\/td>\n<td style=\"width: 104.328px; text-align: center; height: 82px;\"><\/td>\n<td style=\"width: 105.609px; text-align: center; height: 82px;\"><\/td>\n<td style=\"width: 104.328px; text-align: center; height: 82px;\"><\/td>\n<td style=\"width: 104.406px; height: 82px;\"><\/td>\n<\/tr>\n<tr style=\"height: 11px;\">\n<td style=\"width: 104.328px; height: 11px; text-align: center;\">\n<p>Tvrzen\u00e9 ESG sklo<\/p>\n<\/td>\n<td style=\"width: 104.328px; height: 11px; text-align: center;\">\n<p>Bezr\u00e1mov\u00e9 proveden\u00ed<\/p>\n<\/td>\n<td style=\"width: 105.609px; height: 11px; text-align: center; vertical-align: middle;\">\n<p>Povrchov\u00e1 \u00faprava<\/p>\n<\/td>\n<td style=\"width: 104.328px; height: 11px; text-align: center;\">\n<p>\u0158e\u0161en\u00ed bez bari\u00e9r<\/p>\n<\/td>\n<td style=\"width: 104.406px; height: 11px; text-align: center;\">\n<p>Z\u00e1ruka od n\u00e1s<\/p>\n<\/td>\n<\/tr>\n<\/tbody>\n<\/table>\n<h3>Detailn\u00ed popis<\/h3>\n<p><strong>\u010ctvercov\u00fd nebo obd\u00e9ln\u00edkov\u00fd sprchov\u00fd kout&nbsp;<span>CI C2L+CI C2R<\/span><\/strong><span>&nbsp;ze s\u00e9rie CARIBA LINE bude va\u0161\u00ed koupeln\u011b zaru\u010den\u011b&nbsp;<strong>slu\u0161et<\/strong>. Jednoduch\u00e9 linie hlin\u00edkov\u00e9ho r\u00e1mu, kter\u00fd p\u0159es svoji pevnost p\u016fsob\u00ed lehce a dob\u0159e tak\u00e9 lad\u00ed s madlem a transparentn\u00edm t\u011bsn\u011bn\u00edm.&nbsp;Nakombinujte si tvar sprchov\u00e9ho koutu, jak\u00fd v\u00e1m bude vyhovovat.&nbsp;<strong>M\u00e1te na v\u00fdb\u011br z 25 mo\u017en\u00fdch \u0159e\u0161en\u00ed!<\/strong><\/span><\/p>\n<h4><span>Proveden\u00ed sprchov\u00e9ho koutu<\/span><\/h4>\n<p>Sprchov\u00e9 dve\u0159e pro tuto sestavu se vyr\u00e1b\u00ed v&nbsp;<strong>p\u011bti velikostech<\/strong>,<span>&nbsp;<\/span><strong>v&nbsp;prav\u00e9 a lev\u00e9&nbsp;variant\u011b<\/strong>.&nbsp;Kombinace&nbsp;stabiln\u00ed konstrukce&nbsp;a&nbsp;<strong>bezr\u00e1mov\u00e9<span>&nbsp;<\/span><\/strong>spodn\u00ed \u010d\u00e1sti roz\u0161i\u0159uje mo\u017enosti vyu\u017eit\u00ed. M\u016f\u017eete jej m\u00edt i&nbsp;jako&nbsp;<strong>bezbari\u00e9rov\u00fd<\/strong>&nbsp;kout. Sprchov\u00e9 dve\u0159e jsme vybavili&nbsp;<strong><span>spodn\u00edm odkl\u00e1p\u011bn\u00edm<\/span><\/strong>, co\u017e v\u00e1m v\u00fdrazn\u011b usnadn\u00ed \u00fadr\u017ebu.<span>&nbsp;<\/span><strong>Nov\u011b navr\u017een\u00e9 dvojpojezdy<span>&nbsp;<\/span><\/strong>v\u00e1s ur\u010dit\u011b nadchnou. D\u00edky sv\u00e9mu \u0159e\u0161en\u00ed umo\u017e\u0148uj\u00ed<span>&nbsp;<\/span><strong>bezchybn\u00fd<\/strong><span>&nbsp;<\/span>hladk\u00fd pohyb dve\u0159\u00ed a&nbsp;jsou vysoce<span>&nbsp;<\/span><strong>odoln\u00e9<\/strong>.<\/p>\n<p>V\u00fdpl\u0148 bezpe\u010dnostn\u00edch skel nab\u00edz\u00edme v&nbsp;nad\u010dasov\u00e9m<span>&nbsp;<\/span><strong>transparentn\u00edm<span>&nbsp;<\/span><\/strong>(\u010dir\u00e9m) proveden\u00ed. Elegantn\u00ed vzhled sprchov\u00e9ho koutu podtrhuje designov\u00e9 madlo.&nbsp;Dve\u0159e disponuj\u00ed<span>&nbsp;<\/span><strong>precizn\u00edm<span>&nbsp;<\/span><\/strong>magnetick\u00fdm<strong><span>&nbsp;<\/span>t\u011bsn\u011bn\u00edm<\/strong><span>&nbsp;<\/span>mezi dve\u0159mi a&nbsp;profilem. Tak\u00e9<span>&nbsp;<\/span><strong>t\u011bsn\u00edc\u00ed<span>&nbsp;<\/span><\/strong>silikonov\u00fd<strong><span>&nbsp;<\/span>praporek<\/strong><span>&nbsp;<\/span>na spodn\u00ed \u010d\u00e1sti dve\u0159\u00ed<span>&nbsp;<\/span><strong>zabra\u0148uje \u00faniku<\/strong><span>&nbsp;<\/span>vody. D\u00edky t\u011bmto t\u011bsn\u00edc\u00edm komponent\u016fm u\u017e po sprchov\u00e1n\u00ed nebude potopa.<\/p>\n<p>Na tyto sprchov\u00e9 dve\u0159e v\u00e1m d\u00e1me<span>&nbsp;<\/span><strong>prodlou\u017eenou 5letou z\u00e1ruku<\/strong>.&nbsp;P\u0159esn\u00e1 v\u00fd\u0161ka v\u010detn\u011b kotv\u00edc\u00edch element\u016f je&nbsp;<span>2002&nbsp;<\/span><span>mm<\/span>.<\/p>\n<h4>Odkl\u00e1p\u011bn\u00ed dve\u0159\u00ed pro snadnou \u00fadr\u017ebu<\/h4>\n<p>\u010ci\u0161t\u011bn\u00ed dve\u0159\u00ed nikdy nebylo<span>&nbsp;<\/span><strong>snaz\u0161\u00ed<\/strong>.&nbsp;Na spodn\u00ed \u010d\u00e1sti dve\u0159\u00ed naleznete&nbsp;<strong>masivn\u00ed spodn\u00ed kluz\u00e1k<\/strong>, kter\u00fd lehce&nbsp;<strong>zm\u00e1\u010dknete<\/strong><span>&nbsp;<\/span>a&nbsp;vysunete ho sm\u011brem<strong><span>&nbsp;<\/span>dovnit\u0159<\/strong><span>&nbsp;<\/span>sprchov\u00e9ho koutu, \u010d\u00edm\u017e zajist\u00edte vyklopen\u00ed dve\u0159\u00ed.<span>&nbsp;<\/span><span>P\u0159i odklopen\u00ed spodn\u00ed \u010d\u00e1sti dve\u0159e&nbsp;<strong>z\u016fst\u00e1vaj\u00ed upevn\u011bn\u00e9&nbsp;<\/strong>v&nbsp;horn\u00edch pojezdech a&nbsp;vy se tak&nbsp;<strong>nemus\u00edte ob\u00e1vat<\/strong>&nbsp;obt\u00ed\u017en\u00e9 manipulace nebo poran\u011bn\u00ed.<\/span><\/p>\n<h4>Bezpe\u010dnostn\u00ed skla s povrchovou \u00fapravou<\/h4>\n<p>Sprchov\u00fd kout<strong>&nbsp;<\/strong><span>CI C2L+CI C2R<\/span>&nbsp;disponuje&nbsp;<strong>bezpe\u010dnostn\u00edmi skly o&nbsp;s\u00edle&nbsp;<\/strong><strong>6<\/strong>&nbsp;<strong>mm<\/strong>,<span>&nbsp;<\/span><span>vyroben\u00fdmi tzv.&nbsp;<\/span><strong>kalen\u00edm<\/strong><span>&nbsp;(zah\u0159\u00e1t\u00edm a&nbsp;n\u00e1sledn\u011b prudk\u00fdm ochlazen\u00edm), kter\u00e9 vysoce zvy\u0161uje jejich mechanickou a&nbsp;tepelnou odolnost i&nbsp;ohybovou pevnost. V\u00fddr\u017e skel byla&nbsp;<\/span><strong>testov\u00e1na<\/strong><span>&nbsp;silou 140 kg koncentrovanou do st\u0159edu skla zav\u011b\u0161en\u00e9ho za hrany. Je velmi&nbsp;<strong>nepravd\u011bpodobn\u00e9<\/strong>, \u017ee by tato situace b\u011b\u017en\u011b nastala, a&nbsp;proto je \u0161ance na rozbit\u00ed skla&nbsp;<strong>minim\u00e1ln\u00ed<\/strong>.&nbsp;Pokud p\u0159esto dojde k&nbsp;po\u0161kozen\u00ed skla, rozpadne se (obdobn\u011b jako u&nbsp;autoskel) na drobn\u00e9 \u00falomky&nbsp;<strong>bez ostr\u00fdch hran<\/strong>, tak\u017ee se nemus\u00edte b\u00e1t poran\u011bn\u00ed.<\/span><\/p>\n<p>V\u0161echna bezpe\u010dnostn\u00ed skla jsou opat\u0159ena povrchovou \u00fapravou<strong>&nbsp;RothETC<\/strong>.&nbsp;Jedn\u00e1 se o&nbsp;nejnov\u011bj\u0161\u00ed&nbsp;<strong>nanotechnologii<\/strong>, kter\u00e1<span>&nbsp;<\/span><strong>zabra\u0148uje usazov\u00e1n\u00ed ne\u010distot, mastnot a&nbsp;vodn\u00edho kamene<\/strong>.&nbsp;D\u00edky t\u00e9to povrchov\u00e9 \u00faprav\u011b sklo umyjete za p\u00e1r minutek a&nbsp;budete tak m\u00edt v\u00edce \u010dasu sami pro sebe.<\/p>\n<table height=\"479\" style=\"width: 647px;\">\n<tbody>\n<tr>\n<td style=\"width: 315.5px;\"><strong>V\u00fdpl\u0148 skla: <\/strong>\u010dir\u00e9<\/td>\n<td style=\"width: 315.5px;\"><strong>Barva profil\u016f: <\/strong>brillant<\/td>\n<td style=\"width: 315.5px;\"><strong>Barva profil\u016f: <\/strong>\u010dern\u00fd elox<\/td>\n<\/tr>\n<tr>\n<td style=\"width: 315.5px;\"><\/td>\n<td style=\"width: 315.5px;\"><\/td>\n<td style=\"width: 315.5px;\"><\/td>\n<\/tr>\n<\/tbody>\n<\/table>\n<div class=\"content_container_max1280px center f90 overflow_hidden line_height_1_4 image_margin_b_8px\">\n<div class=\"box_px width_160px box_with_selection\">\n<div class=\"content_container_max1280px overflow_hidden center line_height_1_4 uppercase\">\n<div class=\"overflow_hidden\">\n<div class=\"box_px width_200px\">\n<div class=\"onmouseover_div_container\">\n<h2>Technick\u00e9 parametry<\/h2>\n<table class=\"table table--features m-b-0\" border=\"1\" width=\"345\" height=\"237\">\n<tbody>\n<tr>\n<td><strong>V\u00fd\u0161ka koutu (h)<\/strong><\/td>\n<td>2002 mm<\/td>\n<\/tr>\n<tr>\n<td><strong>Typ v\u00fdpln\u011b<\/strong><\/td>\n<td>Transparent<\/td>\n<\/tr>\n<tr>\n<td><strong>P\u016fdorys<\/strong><\/td>\n<td>\u010ctverec \/ obd\u00e9ln\u00edk<\/td>\n<\/tr>\n<tr>\n<td><strong>Materi\u00e1l v\u00fdpln\u011b<\/strong><\/td>\n<td>Bezpe\u010dnostn\u00ed sklo<\/td>\n<\/tr>\n<tr>\n<td><strong>Materi\u00e1l profilu<\/strong><\/td>\n<td>Hlin\u00edk<\/td>\n<\/tr>\n<tr>\n<td><strong>S\u00edla skla<\/strong><\/td>\n<td>6 mm<\/td>\n<\/tr>\n<tr>\n<td><strong>Povrchov\u00e1 \u00faprava<\/strong><\/td>\n<td>RothETC<\/td>\n<\/tr>\n<tr>\n<td><strong>Typ profilu<\/strong><\/td>\n<td>Brillant<\/td>\n<\/tr>\n<tr>\n<td><strong>Dve\u0159e<\/strong><\/td>\n<td>Posuvn\u00e9 dvoud\u00edln\u00e9<span style=\"font-family: var(--template-font),sans-serif; font-size: 14px;\">&nbsp;<\/span><\/td>\n<\/tr>\n<\/tbody>\n<\/table>\n<\/div>\n<\/div>\n<\/div>\n<\/div>\n<\/div>\n<\/div>\n<p><strong>Upozorn\u011bn\u00ed pro z\u00e1kazn\u00edky ke koupi produkt\u016f na objedn\u00e1n\u00ed:<\/strong><span>&nbsp;Toto zbo\u017e\u00ed nen\u00ed standardn\u00edm s\u00e9riov\u00fdm v\u00fdrobkem. Bude vyrobeno na p\u0159\u00e1n\u00ed z\u00e1kazn\u00edka a proto jej&nbsp;<\/span><strong>nelze dodavateli v z\u00e1konn\u00e9 lh\u016ft\u011b vr\u00e1tit<\/strong><span>. (viz \u00a71837 odst.d, ob\u010dansk\u00e9ho z\u00e1kon\u00edku). V tomto p\u0159\u00edpad\u011b m\u016f\u017eeme po\u017eadovat nevratnou z\u00e1lohu a\u017e do v\u00fd\u0161e 100 % z ceny v\u00fdrobku.<\/span><\/p>\n<\/p><\/div>\n","protected":false},"excerpt":{"rendered":"<p>Detailn\u00ed popis produktu CARIBA LINE Nej\u0161ir\u0161\u00ed v\u00fdb\u011br tvar\u016f a variant v jedn\u00e9 s\u00e9rii Vylad\u011bn\u00fd vzhled a\u017e do nejmen\u0161\u00edho detailu v dokonal\u00e9 harmonii kovu a skla.&nbsp;Nechte se un\u00e1\u0161et vlnou relaxace, sn\u011bn\u00ed a pohody&#8230;Nesp\u011bchejte, v\u017edy\u0165 jste ji pr\u00e1v\u011b objevili. S\u00e9rie Cariba Line p\u0159in\u00e1\u0161\u00ed to prav\u00e9 \u0159e\u0161en\u00ed pro ka\u017edou koupelnu.Symetrick\u00e9 madlo dve\u0159\u00ed padne perfektn\u011b do ruky, o pohodln\u00e9 [&hellip;]<\/p>\n","protected":false},"featured_media":21874,"comment_status":"open","ping_status":"open","template":"","meta":[],"product_brand":[],"product_cat":[57],"product_tag":[],"class_list":{"0":"post-21774","1":"product","2":"type-product","3":"status-publish","4":"has-post-thumbnail","6":"product_cat-sprchove-kouty","8":"first","9":"instock","10":"sale","11":"shipping-taxable","12":"purchasable","13":"product-type-simple"},"yoast_head":"<!-- This site is optimized with the Yoast SEO plugin v26.8 - https:\/\/yoast.com\/product\/yoast-seo-wordpress\/ -->\n<title>Zlevn\u011bn\u00fd Roth CARIBA LINE CI C2L+CI C2R Sprchov\u00fd kout obd\u00e9ln\u00edkov\u00fd 100x80 cm -<\/title>\n<meta name=\"robots\" content=\"index, follow, max-snippet:-1, max-image-preview:large, max-video-preview:-1\" \/>\n<link rel=\"canonical\" href=\"https:\/\/www.koupeltech.com\/index.php\/produkt\/zlevneny-roth-cariba-line-ci-c2l-ci-c2r-sprchovy-kout-obdelnikovy-100x80-cm-21774\/\" \/>\n<meta property=\"og:locale\" content=\"cs_CZ\" \/>\n<meta property=\"og:type\" content=\"article\" \/>\n<meta property=\"og:title\" content=\"Zlevn\u011bn\u00fd Roth CARIBA LINE CI C2L+CI C2R Sprchov\u00fd kout obd\u00e9ln\u00edkov\u00fd 100x80 cm -\" \/>\n<meta property=\"og:description\" content=\"Detailn\u00ed popis produktu CARIBA LINE Nej\u0161ir\u0161\u00ed v\u00fdb\u011br tvar\u016f a variant v jedn\u00e9 s\u00e9rii Vylad\u011bn\u00fd vzhled a\u017e do nejmen\u0161\u00edho detailu v dokonal\u00e9 harmonii kovu a skla.&nbsp;Nechte se un\u00e1\u0161et vlnou relaxace, sn\u011bn\u00ed a pohody&#8230;Nesp\u011bchejte, v\u017edy\u0165 jste ji pr\u00e1v\u011b objevili. S\u00e9rie Cariba Line p\u0159in\u00e1\u0161\u00ed to prav\u00e9 \u0159e\u0161en\u00ed pro ka\u017edou koupelnu.Symetrick\u00e9 madlo dve\u0159\u00ed padne perfektn\u011b do ruky, o pohodln\u00e9 [&hellip;]\" \/>\n<meta property=\"og:url\" content=\"https:\/\/www.koupeltech.com\/index.php\/produkt\/zlevneny-roth-cariba-line-ci-c2l-ci-c2r-sprchovy-kout-obdelnikovy-100x80-cm-21774\/\" \/>\n<meta property=\"og:image\" content=\"https:\/\/www.koupeltech.com\/wp-content\/uploads\/2026\/SK0020629-CZ20260425-093631-0-1777080994-336089_roth-cariba-line-ci-c2l-ci-c2r-sprchovy-kout-obdelni.webp\" \/>\n\t<meta property=\"og:image:width\" content=\"1000\" \/>\n\t<meta property=\"og:image:height\" content=\"750\" \/>\n\t<meta property=\"og:image:type\" content=\"image\/webp\" \/>\n<meta name=\"twitter:card\" content=\"summary_large_image\" \/>\n<meta name=\"twitter:label1\" content=\"Odhadovan\u00e1 doba \u010dten\u00ed\" \/>\n\t<meta name=\"twitter:data1\" content=\"5 minut\" \/>\n<script type=\"application\/ld+json\" class=\"yoast-schema-graph\">{\"@context\":\"https:\/\/schema.org\",\"@graph\":[{\"@type\":\"WebPage\",\"@id\":\"https:\/\/www.koupeltech.com\/index.php\/produkt\/zlevneny-roth-cariba-line-ci-c2l-ci-c2r-sprchovy-kout-obdelnikovy-100x80-cm-21774\/\",\"url\":\"https:\/\/www.koupeltech.com\/index.php\/produkt\/zlevneny-roth-cariba-line-ci-c2l-ci-c2r-sprchovy-kout-obdelnikovy-100x80-cm-21774\/\",\"name\":\"Zlevn\u011bn\u00fd Roth CARIBA LINE CI C2L+CI C2R Sprchov\u00fd kout obd\u00e9ln\u00edkov\u00fd 100x80 cm -\",\"isPartOf\":{\"@id\":\"https:\/\/www.koupeltech.com\/#website\"},\"primaryImageOfPage\":{\"@id\":\"https:\/\/www.koupeltech.com\/index.php\/produkt\/zlevneny-roth-cariba-line-ci-c2l-ci-c2r-sprchovy-kout-obdelnikovy-100x80-cm-21774\/#primaryimage\"},\"image\":{\"@id\":\"https:\/\/www.koupeltech.com\/index.php\/produkt\/zlevneny-roth-cariba-line-ci-c2l-ci-c2r-sprchovy-kout-obdelnikovy-100x80-cm-21774\/#primaryimage\"},\"thumbnailUrl\":\"https:\/\/www.koupeltech.com\/wp-content\/uploads\/2026\/SK0020629-CZ20260425-093631-0-1777080994-336089_roth-cariba-line-ci-c2l-ci-c2r-sprchovy-kout-obdelni.webp\",\"datePublished\":\"2026-04-27T13:59:07+00:00\",\"breadcrumb\":{\"@id\":\"https:\/\/www.koupeltech.com\/index.php\/produkt\/zlevneny-roth-cariba-line-ci-c2l-ci-c2r-sprchovy-kout-obdelnikovy-100x80-cm-21774\/#breadcrumb\"},\"inLanguage\":\"cs\",\"potentialAction\":[{\"@type\":\"ReadAction\",\"target\":[\"https:\/\/www.koupeltech.com\/index.php\/produkt\/zlevneny-roth-cariba-line-ci-c2l-ci-c2r-sprchovy-kout-obdelnikovy-100x80-cm-21774\/\"]}]},{\"@type\":\"ImageObject\",\"inLanguage\":\"cs\",\"@id\":\"https:\/\/www.koupeltech.com\/index.php\/produkt\/zlevneny-roth-cariba-line-ci-c2l-ci-c2r-sprchovy-kout-obdelnikovy-100x80-cm-21774\/#primaryimage\",\"url\":\"https:\/\/www.koupeltech.com\/wp-content\/uploads\/2026\/SK0020629-CZ20260425-093631-0-1777080994-336089_roth-cariba-line-ci-c2l-ci-c2r-sprchovy-kout-obdelni.webp\",\"contentUrl\":\"https:\/\/www.koupeltech.com\/wp-content\/uploads\/2026\/SK0020629-CZ20260425-093631-0-1777080994-336089_roth-cariba-line-ci-c2l-ci-c2r-sprchovy-kout-obdelni.webp\",\"width\":1000,\"height\":750},{\"@type\":\"BreadcrumbList\",\"@id\":\"https:\/\/www.koupeltech.com\/index.php\/produkt\/zlevneny-roth-cariba-line-ci-c2l-ci-c2r-sprchovy-kout-obdelnikovy-100x80-cm-21774\/#breadcrumb\",\"itemListElement\":[{\"@type\":\"ListItem\",\"position\":1,\"name\":\"Home\",\"item\":\"https:\/\/www.koupeltech.com\/\"},{\"@type\":\"ListItem\",\"position\":2,\"name\":\"Products\",\"item\":\"https:\/\/www.koupeltech.com\/index.php\/products\/\"},{\"@type\":\"ListItem\",\"position\":3,\"name\":\"Zlevn\u011bn\u00fd Roth CARIBA LINE CI C2L+CI C2R Sprchov\u00fd kout obd\u00e9ln\u00edkov\u00fd 100&#215;80 cm\"}]},{\"@type\":\"WebSite\",\"@id\":\"https:\/\/www.koupeltech.com\/#website\",\"url\":\"https:\/\/www.koupeltech.com\/\",\"name\":\"\",\"description\":\"\",\"potentialAction\":[{\"@type\":\"SearchAction\",\"target\":{\"@type\":\"EntryPoint\",\"urlTemplate\":\"https:\/\/www.koupeltech.com\/?s={search_term_string}\"},\"query-input\":{\"@type\":\"PropertyValueSpecification\",\"valueRequired\":true,\"valueName\":\"search_term_string\"}}],\"inLanguage\":\"cs\"}]}<\/script>\n<!-- \/ Yoast SEO plugin. -->","yoast_head_json":{"title":"Zlevn\u011bn\u00fd Roth CARIBA LINE CI C2L+CI C2R Sprchov\u00fd kout obd\u00e9ln\u00edkov\u00fd 100x80 cm -","robots":{"index":"index","follow":"follow","max-snippet":"max-snippet:-1","max-image-preview":"max-image-preview:large","max-video-preview":"max-video-preview:-1"},"canonical":"https:\/\/www.koupeltech.com\/index.php\/produkt\/zlevneny-roth-cariba-line-ci-c2l-ci-c2r-sprchovy-kout-obdelnikovy-100x80-cm-21774\/","og_locale":"cs_CZ","og_type":"article","og_title":"Zlevn\u011bn\u00fd Roth CARIBA LINE CI C2L+CI C2R Sprchov\u00fd kout obd\u00e9ln\u00edkov\u00fd 100x80 cm -","og_description":"Detailn\u00ed popis produktu CARIBA LINE Nej\u0161ir\u0161\u00ed v\u00fdb\u011br tvar\u016f a variant v jedn\u00e9 s\u00e9rii Vylad\u011bn\u00fd vzhled a\u017e do nejmen\u0161\u00edho detailu v dokonal\u00e9 harmonii kovu a skla.&nbsp;Nechte se un\u00e1\u0161et vlnou relaxace, sn\u011bn\u00ed a pohody&#8230;Nesp\u011bchejte, v\u017edy\u0165 jste ji pr\u00e1v\u011b objevili. S\u00e9rie Cariba Line p\u0159in\u00e1\u0161\u00ed to prav\u00e9 \u0159e\u0161en\u00ed pro ka\u017edou koupelnu.Symetrick\u00e9 madlo dve\u0159\u00ed padne perfektn\u011b do ruky, o pohodln\u00e9 [&hellip;]","og_url":"https:\/\/www.koupeltech.com\/index.php\/produkt\/zlevneny-roth-cariba-line-ci-c2l-ci-c2r-sprchovy-kout-obdelnikovy-100x80-cm-21774\/","og_image":[{"width":1000,"height":750,"url":"https:\/\/www.koupeltech.com\/wp-content\/uploads\/2026\/SK0020629-CZ20260425-093631-0-1777080994-336089_roth-cariba-line-ci-c2l-ci-c2r-sprchovy-kout-obdelni.webp","type":"image\/webp"}],"twitter_card":"summary_large_image","twitter_misc":{"Odhadovan\u00e1 doba \u010dten\u00ed":"5 minut"},"schema":{"@context":"https:\/\/schema.org","@graph":[{"@type":"WebPage","@id":"https:\/\/www.koupeltech.com\/index.php\/produkt\/zlevneny-roth-cariba-line-ci-c2l-ci-c2r-sprchovy-kout-obdelnikovy-100x80-cm-21774\/","url":"https:\/\/www.koupeltech.com\/index.php\/produkt\/zlevneny-roth-cariba-line-ci-c2l-ci-c2r-sprchovy-kout-obdelnikovy-100x80-cm-21774\/","name":"Zlevn\u011bn\u00fd Roth CARIBA LINE CI C2L+CI C2R Sprchov\u00fd kout obd\u00e9ln\u00edkov\u00fd 100x80 cm -","isPartOf":{"@id":"https:\/\/www.koupeltech.com\/#website"},"primaryImageOfPage":{"@id":"https:\/\/www.koupeltech.com\/index.php\/produkt\/zlevneny-roth-cariba-line-ci-c2l-ci-c2r-sprchovy-kout-obdelnikovy-100x80-cm-21774\/#primaryimage"},"image":{"@id":"https:\/\/www.koupeltech.com\/index.php\/produkt\/zlevneny-roth-cariba-line-ci-c2l-ci-c2r-sprchovy-kout-obdelnikovy-100x80-cm-21774\/#primaryimage"},"thumbnailUrl":"https:\/\/www.koupeltech.com\/wp-content\/uploads\/2026\/SK0020629-CZ20260425-093631-0-1777080994-336089_roth-cariba-line-ci-c2l-ci-c2r-sprchovy-kout-obdelni.webp","datePublished":"2026-04-27T13:59:07+00:00","breadcrumb":{"@id":"https:\/\/www.koupeltech.com\/index.php\/produkt\/zlevneny-roth-cariba-line-ci-c2l-ci-c2r-sprchovy-kout-obdelnikovy-100x80-cm-21774\/#breadcrumb"},"inLanguage":"cs","potentialAction":[{"@type":"ReadAction","target":["https:\/\/www.koupeltech.com\/index.php\/produkt\/zlevneny-roth-cariba-line-ci-c2l-ci-c2r-sprchovy-kout-obdelnikovy-100x80-cm-21774\/"]}]},{"@type":"ImageObject","inLanguage":"cs","@id":"https:\/\/www.koupeltech.com\/index.php\/produkt\/zlevneny-roth-cariba-line-ci-c2l-ci-c2r-sprchovy-kout-obdelnikovy-100x80-cm-21774\/#primaryimage","url":"https:\/\/www.koupeltech.com\/wp-content\/uploads\/2026\/SK0020629-CZ20260425-093631-0-1777080994-336089_roth-cariba-line-ci-c2l-ci-c2r-sprchovy-kout-obdelni.webp","contentUrl":"https:\/\/www.koupeltech.com\/wp-content\/uploads\/2026\/SK0020629-CZ20260425-093631-0-1777080994-336089_roth-cariba-line-ci-c2l-ci-c2r-sprchovy-kout-obdelni.webp","width":1000,"height":750},{"@type":"BreadcrumbList","@id":"https:\/\/www.koupeltech.com\/index.php\/produkt\/zlevneny-roth-cariba-line-ci-c2l-ci-c2r-sprchovy-kout-obdelnikovy-100x80-cm-21774\/#breadcrumb","itemListElement":[{"@type":"ListItem","position":1,"name":"Home","item":"https:\/\/www.koupeltech.com\/"},{"@type":"ListItem","position":2,"name":"Products","item":"https:\/\/www.koupeltech.com\/index.php\/products\/"},{"@type":"ListItem","position":3,"name":"Zlevn\u011bn\u00fd Roth CARIBA LINE CI C2L+CI C2R Sprchov\u00fd kout obd\u00e9ln\u00edkov\u00fd 100&#215;80 cm"}]},{"@type":"WebSite","@id":"https:\/\/www.koupeltech.com\/#website","url":"https:\/\/www.koupeltech.com\/","name":"","description":"","potentialAction":[{"@type":"SearchAction","target":{"@type":"EntryPoint","urlTemplate":"https:\/\/www.koupeltech.com\/?s={search_term_string}"},"query-input":{"@type":"PropertyValueSpecification","valueRequired":true,"valueName":"search_term_string"}}],"inLanguage":"cs"}]}},"_links":{"self":[{"href":"https:\/\/www.koupeltech.com\/index.php\/wp-json\/wp\/v2\/product\/21774","targetHints":{"allow":["GET"]}}],"collection":[{"href":"https:\/\/www.koupeltech.com\/index.php\/wp-json\/wp\/v2\/product"}],"about":[{"href":"https:\/\/www.koupeltech.com\/index.php\/wp-json\/wp\/v2\/types\/product"}],"replies":[{"embeddable":true,"href":"https:\/\/www.koupeltech.com\/index.php\/wp-json\/wp\/v2\/comments?post=21774"}],"wp:featuredmedia":[{"embeddable":true,"href":"https:\/\/www.koupeltech.com\/index.php\/wp-json\/wp\/v2\/media\/21874"}],"wp:attachment":[{"href":"https:\/\/www.koupeltech.com\/index.php\/wp-json\/wp\/v2\/media?parent=21774"}],"wp:term":[{"taxonomy":"product_brand","embeddable":true,"href":"https:\/\/www.koupeltech.com\/index.php\/wp-json\/wp\/v2\/product_brand?post=21774"},{"taxonomy":"product_cat","embeddable":true,"href":"https:\/\/www.koupeltech.com\/index.php\/wp-json\/wp\/v2\/product_cat?post=21774"},{"taxonomy":"product_tag","embeddable":true,"href":"https:\/\/www.koupeltech.com\/index.php\/wp-json\/wp\/v2\/product_tag?post=21774"}],"curies":[{"name":"wp","href":"https:\/\/api.w.org\/{rel}","templated":true}]}}