{"id":39496,"date":"2026-04-27T14:01:45","date_gmt":"2026-04-27T14:01:45","guid":{"rendered":""},"modified":"2026-04-27T14:01:45","modified_gmt":"2026-04-27T14:01:45","slug":"pouze-dnes-dormeo-rost-compact-flex-39496","status":"publish","type":"product","link":"https:\/\/www.koupeltech.com\/index.php\/produkt\/pouze-dnes-dormeo-rost-compact-flex-39496\/","title":{"rendered":"Pouze Dnes Dormeo Ro\u0161t Compact Flex"},"content":{"rendered":"<div id=\"e3669296\" class=\"pages\">\n<div>\n<div id=\"PDDescription\" class=\"UserContentView userContent v1a v1 bs-view dcon dc164 PDDescription\" ><dc-con><dc-con><bs-empty><\/bs-empty><\/dc-con><dc-con>        <\/p>\n<div class=\"customDescription\">                    <\/div>\n<p><\/dc-con><dc-con><\/p>\n<p><strong>Dormeo Ro\u0161t Compact Flex<\/p>\n<p><\/strong>Lamelov\u00fd ro\u0161t Dormeo Compact flex je vyroben\u00fd z b\u0159ezov\u00e9ho d\u0159eva, poskytuje oporu va\u0161\u00ed matraci a zaji\u0161\u0165uje ergonomickou polohu t\u011bla.<strong><br \/><\/strong><\/p>\n<div class=\"tab-content\">\n<div class=\"std\">\n<h2>Nab\u00edz\u00ed nespo\u010det v\u00fdhod pro va\u0161i matraci i pro va\u0161e pohodl\u00ed:<\/h2>\n<p>Lamelov\u00fd ro\u0161t Dormeo Compact flex je <strong>vyroben\u00fd z 28 flexibiln\u00edch lamel<\/strong>, kter\u00e9 jsou ukotven\u00e9 v b\u0159ezov\u00e9m nebo bukov\u00e9m r\u00e1mu pomoc\u00ed gumov\u00fdch hlavic.<\/p>\n<p><strong>Nab\u00edz\u00ed nespo\u010det v\u00fdhod pro va\u0161i matraci i pro va\u0161e pohodl\u00ed:<\/strong><\/p>\n<ul>\n<li>Zaji\u0161\u0165uje v\u011bt\u0161\u00ed pohodl\u00ed, flexibilitu a ergonomickou polohu t\u011bla b\u011bhem sp\u00e1nku<\/li>\n<li>Umo\u017e\u0148uje nastaven\u00ed tuhosti<\/li>\n<li>Zaji\u0161\u0165uje v\u011btr\u00e1n\u00ed matrace a odpa\u0159ov\u00e1n\u00ed vlhkosti<\/li>\n<li>Prodlu\u017euje \u017eivotnost matrace<\/li>\n<li>Zaji\u0161\u0165uje rovnom\u011brn\u00e9 rozlo\u017een\u00ed v\u00e1hy t\u011bla<\/li>\n<\/ul>\n<h3>A va\u0161e matrace m\u016f\u017ee d\u00fdchat<\/h3>\n<p>Ka\u017ed\u00fd \u010dlov\u011bk produkuje ve sp\u00e1nku vlhkost. Proto je nutn\u00e9 m\u00edt matraci polo\u017eenou na vzdu\u0161n\u00e9m podkladu. Lamelov\u00fd ro\u0161t Compact flex zaji\u0161\u0165uje dostate\u010dnou ventilaci matrace a odpa\u0159ov\u00e1n\u00ed vlhkosti.<\/p>\n<h2>Nastaviteln\u00e1 tuhost<\/h2>\n<p>Lamelov\u00fd ro\u0161t Compact flex umo\u017e\u0148uje nastaven\u00ed tuhosti a t\u00edm zaji\u0161\u0165uje ergonomickou polohu t\u011bla ve sp\u00e1nku. Tuhost lze nastavit pomoc\u00ed deseti posuvn\u00fdch plastov\u00fdch spon uprost\u0159ed ro\u0161tu:<\/p>\n<ul>\n<li>Chcete-li tvrd\u0161\u00ed matraci, rozt\u00e1hn\u011bte je od sebe<\/li>\n<li>Chcete-li m\u011bk\u010d\u00ed matraci, st\u00e1hn\u011bte je k sob\u011b<\/li>\n<\/ul>\n<p>D\u00edky nastaviteln\u00e9 tuhosti se matrace l\u00e9pe p\u0159izp\u016fsob\u00ed va\u0161emu t\u011blu v z\u00e1vislosti na va\u0161ich spac\u00edch n\u00e1vyc\u00edch. O va\u0161i p\u00e1te\u0159 bude dob\u0159e postar\u00e1no a v\u00e1\u0161 sp\u00e1nek nebude ni\u010d\u00edm ru\u0161en.<\/p>\n<h2>Lamelov\u00fd ro\u0161t Dormeo Compact flex:<\/h2>\n<ul>\n<li>je vyroben\u00fd z oh\u00fdban\u00e9ho b\u0159ezov\u00e9ho d\u0159eva<\/li>\n<li>tvo\u0159\u00ed jej 28 lamel, kter\u00e9 jsou ukotven\u00e9 v b\u0159ezov\u00e9m nebo bukov\u00e9m r\u00e1mu pomoc\u00ed ohebn\u00fdch gumov\u00fdch hlavic<\/li>\n<li>pevn\u00e1 centr\u00e1ln\u00ed p\u0159\u00ed\u010dn\u00e1 la\u0165ka zaji\u0161\u0165uje pohodl\u00ed a zpev\u0148uje ro\u0161t<\/li>\n<li>p\u011bt lamel uprost\u0159ed umo\u017e\u0148uje nastaven\u00ed tuhosti<\/li>\n<li>op\u011brka hlavy je ozna\u010den\u00e1 \u0161t\u00edtkem<\/li>\n<\/ul>\n<h3>Snadn\u00e9 slo\u017een\u00ed<\/h3>\n<p>Lamely Dormeo Compact Flex<\/p>\n<ul>\n<li>jsou zabalen\u00e9 v krabici o rozm\u011bru 1 150 mm x 260 mm x 110 mm<\/li>\n<li>snadno se p\u0159ipevn\u00ed k r\u00e1mu p\u0159ilo\u017een\u00fdmi \u010depy<\/li>\n<\/ul>\n<h3>\u00dadr\u017eba<\/h3>\n<p>Lamelov\u00fd ro\u0161t lze \u010distit vlhk\u00fdm had\u0159\u00edkem.<\/p>\n<h3>Nosnost<\/h3>\n<p>Lamelov\u00fd ro\u0161t o \u0161\u00ed\u0159ce 70-120 cm je vhodn\u00fd pro osoby s t\u011blesnou v\u00e1hou a\u017e 130 kg.<\/p>\n<h2>Vhodn\u00fd pro:<\/h2>\n<ul>\n<li>p\u011bnov\u00e9 a latexov\u00e9 matrace Dormeo<\/li>\n<li>prodlou\u017een\u00ed \u017eivotnosti matrace<\/li>\n<li>v\u0161echny, kdo trp\u00ed bolestmi zad<\/li>\n<\/ul>\n<\/div>\n<\/div>\n<p><\/dc-con><\/dc-con><\/div>\n<div id=\"PDDescription2\" class=\"UserContentView userContent v1a v1 bs-view dcon dc165 PDDescription2\" >\n<table id=\"product-attribute-specs-table\" class=\"data-table\" style=\"margin: 0px 0px 10px; padding: 0px; border: 1px solid #dbdbdb; width: 650px; color: #222222; text-transform: none; line-height: 1.5; letter-spacing: normal; font-family: Arial, sans-serif; font-size: 13px; font-style: normal; font-weight: 400; word-spacing: 0px; white-space: normal; border-collapse: collapse; max-width: 50em; box-sizing: border-box; border-spacing: 0px; orphans: 2; widows: 2; background-color: #ffffff; font-variant-ligatures: normal; font-variant-caps: normal; -webkit-text-stroke-width: 0px; text-decoration-thickness: initial; text-decoration-style: initial; text-decoration-color: initial;\">\n<colgroup style=\"margin: 0px; padding: 0px; box-sizing: border-box;\">\n<col style=\"margin: 0px; padding: 0px; box-sizing: border-box;\" width=\"25%\">\n<col style=\"margin: 0px; padding: 0px; box-sizing: border-box;\"><\/colgroup>\n<tbody style=\"margin: 0px; padding: 0px; box-sizing: border-box;\">\n<tr style=\"margin: 0px; padding: 0px; box-sizing: border-box;\">\n<th class=\"label\" style=\"margin: 0px; padding: 10px; text-align: left; line-height: 1.4; font-style: normal; font-weight: bold; vertical-align: top; border-right-color: #dbdbdb; border-bottom-color: #dbdbdb; border-right-width: 1px; border-bottom-width: 1px; border-right-style: solid; border-bottom-style: solid; white-space: nowrap; box-sizing: border-box;\">Dal\u0161\u00ed vlastnosti<\/th>\n<td class=\"data\" style=\"margin: 0px; padding: 10px; vertical-align: top; border-bottom-color: #dbdbdb; border-bottom-width: 1px; border-bottom-style: solid; box-sizing: border-box;\">Skl\u00e1dac\u00ed.<\/td>\n<\/tr>\n<tr style=\"margin: 0px; padding: 0px; box-sizing: border-box;\">\n<th class=\"label\" style=\"margin: 0px; padding: 10px; text-align: left; line-height: 1.4; font-style: normal; font-weight: bold; vertical-align: top; border-right-color: #dbdbdb; border-bottom-color: #dbdbdb; border-right-width: 1px; border-bottom-width: 1px; border-right-style: solid; border-bottom-style: solid; white-space: nowrap; box-sizing: border-box;\">Dormeo program<\/th>\n<td class=\"data\" style=\"margin: 0px; padding: 10px; vertical-align: top; border-bottom-color: #dbdbdb; border-bottom-width: 1px; border-bottom-style: solid; box-sizing: border-box;\">span\u00ed<\/td>\n<\/tr>\n<tr style=\"margin: 0px; padding: 0px; box-sizing: border-box;\">\n<th class=\"label\" style=\"margin: 0px; padding: 10px; text-align: left; line-height: 1.4; font-style: normal; font-weight: bold; vertical-align: top; border-right-color: #dbdbdb; border-bottom-color: #dbdbdb; border-right-width: 1px; border-bottom-width: 1px; border-right-style: solid; border-bottom-style: solid; white-space: nowrap; box-sizing: border-box;\">Materi\u00e1l<\/th>\n<td class=\"data\" style=\"margin: 0px; padding: 10px; vertical-align: top; border-bottom-color: #dbdbdb; border-bottom-width: 1px; border-bottom-style: solid; box-sizing: border-box;\">b\u0159ezov\u00e9 d\u0159evo, bukov\u00e9 d\u0159evo<\/td>\n<\/tr>\n<tr style=\"margin: 0px; padding: 0px; box-sizing: border-box;\">\n<th class=\"label\" style=\"margin: 0px; padding: 10px; text-align: left; line-height: 1.4; font-style: normal; font-weight: bold; vertical-align: top; border-right-color: #dbdbdb; border-bottom-color: #dbdbdb; border-right-width: 1px; border-bottom-width: 1px; border-right-style: solid; border-bottom-style: solid; white-space: nowrap; box-sizing: border-box;\">Max. hmotnost u\u017eivatele<\/th>\n<td class=\"data\" style=\"margin: 0px; padding: 10px; vertical-align: top; border-bottom-color: #dbdbdb; border-bottom-width: 1px; border-bottom-style: solid; box-sizing: border-box;\">130 kg<\/td>\n<\/tr>\n<tr style=\"margin: 0px; padding: 0px; box-sizing: border-box;\">\n<th class=\"label\" style=\"margin: 0px; padding: 10px; text-align: left; line-height: 1.4; font-style: normal; font-weight: bold; vertical-align: top; border-right-color: #dbdbdb; border-bottom-color: #dbdbdb; border-right-width: 1px; border-bottom-width: 1px; border-right-style: solid; border-bottom-style: solid; white-space: nowrap; box-sizing: border-box;\">Nastaviteln\u00e1 tvrdost<\/th>\n<td class=\"data\" style=\"margin: 0px; padding: 10px; vertical-align: top; border-bottom-color: #dbdbdb; border-bottom-width: 1px; border-bottom-style: solid; box-sizing: border-box;\">Ano<\/td>\n<\/tr>\n<\/tbody>\n<\/table>\n<\/div><\/div>\n<div id=\"PDTable3\" class=\"ProductDetailTableView v3a v3 bs-view dcon dc185 PDTable3\" >\n<table>\n<thead><\/thead>\n<tbody>\n<tr class=\"attribute attr_bsshop_maker\">\n<td class=\"caption\">V\u00fdrobce<\/td>\n<td class=\"value\">Dormeo<\/td>\n<\/tr>\n<\/tbody>\n<\/table>\n<\/div>\n<\/div>\n<div id=\"e3669297\" class=\"tabs\">\n","protected":false},"excerpt":{"rendered":"<p>Dormeo Ro\u0161t Compact Flex Lamelov\u00fd ro\u0161t Dormeo Compact flex je vyroben\u00fd z b\u0159ezov\u00e9ho d\u0159eva, poskytuje oporu va\u0161\u00ed matraci a zaji\u0161\u0165uje ergonomickou polohu t\u011bla. Nab\u00edz\u00ed nespo\u010det v\u00fdhod pro va\u0161i matraci i pro va\u0161e pohodl\u00ed: Lamelov\u00fd ro\u0161t Dormeo Compact flex je vyroben\u00fd z 28 flexibiln\u00edch lamel, kter\u00e9 jsou ukotven\u00e9 v b\u0159ezov\u00e9m nebo bukov\u00e9m r\u00e1mu pomoc\u00ed gumov\u00fdch hlavic. [&hellip;]<\/p>\n","protected":false},"featured_media":39596,"comment_status":"open","ping_status":"open","template":"","meta":[],"product_brand":[],"product_cat":[95],"product_tag":[],"class_list":{"0":"post-39496","1":"product","2":"type-product","3":"status-publish","4":"has-post-thumbnail","6":"product_cat-pochutiny-dum-a-zahrada","8":"first","9":"instock","10":"sale","11":"shipping-taxable","12":"purchasable","13":"product-type-simple"},"yoast_head":"<!-- This site is optimized with the Yoast SEO plugin v26.8 - https:\/\/yoast.com\/product\/yoast-seo-wordpress\/ -->\n<title>Pouze Dnes Dormeo Ro\u0161t Compact Flex -<\/title>\n<meta name=\"robots\" content=\"index, follow, max-snippet:-1, max-image-preview:large, max-video-preview:-1\" \/>\n<link rel=\"canonical\" href=\"https:\/\/www.koupeltech.com\/index.php\/produkt\/pouze-dnes-dormeo-rost-compact-flex-39496\/\" \/>\n<meta property=\"og:locale\" content=\"cs_CZ\" \/>\n<meta property=\"og:type\" content=\"article\" \/>\n<meta property=\"og:title\" content=\"Pouze Dnes Dormeo Ro\u0161t Compact Flex -\" \/>\n<meta property=\"og:description\" content=\"Dormeo Ro\u0161t Compact Flex Lamelov\u00fd ro\u0161t Dormeo Compact flex je vyroben\u00fd z b\u0159ezov\u00e9ho d\u0159eva, poskytuje oporu va\u0161\u00ed matraci a zaji\u0161\u0165uje ergonomickou polohu t\u011bla. Nab\u00edz\u00ed nespo\u010det v\u00fdhod pro va\u0161i matraci i pro va\u0161e pohodl\u00ed: Lamelov\u00fd ro\u0161t Dormeo Compact flex je vyroben\u00fd z 28 flexibiln\u00edch lamel, kter\u00e9 jsou ukotven\u00e9 v b\u0159ezov\u00e9m nebo bukov\u00e9m r\u00e1mu pomoc\u00ed gumov\u00fdch hlavic. [&hellip;]\" \/>\n<meta property=\"og:url\" content=\"https:\/\/www.koupeltech.com\/index.php\/produkt\/pouze-dnes-dormeo-rost-compact-flex-39496\/\" \/>\n<meta property=\"og:image\" content=\"https:\/\/www.koupeltech.com\/wp-content\/uploads\/2026\/SK0020340-CZ20260425-093449-0-1777080896-dormeo-rost-compact-flex.webp\" \/>\n\t<meta property=\"og:image:width\" content=\"1000\" \/>\n\t<meta property=\"og:image:height\" content=\"525\" \/>\n\t<meta property=\"og:image:type\" content=\"image\/webp\" \/>\n<meta name=\"twitter:card\" content=\"summary_large_image\" \/>\n<meta name=\"twitter:label1\" content=\"Odhadovan\u00e1 doba \u010dten\u00ed\" \/>\n\t<meta name=\"twitter:data1\" content=\"2 minuty\" \/>\n<script type=\"application\/ld+json\" class=\"yoast-schema-graph\">{\"@context\":\"https:\/\/schema.org\",\"@graph\":[{\"@type\":\"WebPage\",\"@id\":\"https:\/\/www.koupeltech.com\/index.php\/produkt\/pouze-dnes-dormeo-rost-compact-flex-39496\/\",\"url\":\"https:\/\/www.koupeltech.com\/index.php\/produkt\/pouze-dnes-dormeo-rost-compact-flex-39496\/\",\"name\":\"Pouze Dnes Dormeo Ro\u0161t Compact Flex -\",\"isPartOf\":{\"@id\":\"https:\/\/www.koupeltech.com\/#website\"},\"primaryImageOfPage\":{\"@id\":\"https:\/\/www.koupeltech.com\/index.php\/produkt\/pouze-dnes-dormeo-rost-compact-flex-39496\/#primaryimage\"},\"image\":{\"@id\":\"https:\/\/www.koupeltech.com\/index.php\/produkt\/pouze-dnes-dormeo-rost-compact-flex-39496\/#primaryimage\"},\"thumbnailUrl\":\"https:\/\/www.koupeltech.com\/wp-content\/uploads\/2026\/SK0020340-CZ20260425-093449-0-1777080896-dormeo-rost-compact-flex.webp\",\"datePublished\":\"2026-04-27T14:01:45+00:00\",\"breadcrumb\":{\"@id\":\"https:\/\/www.koupeltech.com\/index.php\/produkt\/pouze-dnes-dormeo-rost-compact-flex-39496\/#breadcrumb\"},\"inLanguage\":\"cs\",\"potentialAction\":[{\"@type\":\"ReadAction\",\"target\":[\"https:\/\/www.koupeltech.com\/index.php\/produkt\/pouze-dnes-dormeo-rost-compact-flex-39496\/\"]}]},{\"@type\":\"ImageObject\",\"inLanguage\":\"cs\",\"@id\":\"https:\/\/www.koupeltech.com\/index.php\/produkt\/pouze-dnes-dormeo-rost-compact-flex-39496\/#primaryimage\",\"url\":\"https:\/\/www.koupeltech.com\/wp-content\/uploads\/2026\/SK0020340-CZ20260425-093449-0-1777080896-dormeo-rost-compact-flex.webp\",\"contentUrl\":\"https:\/\/www.koupeltech.com\/wp-content\/uploads\/2026\/SK0020340-CZ20260425-093449-0-1777080896-dormeo-rost-compact-flex.webp\",\"width\":1000,\"height\":525},{\"@type\":\"BreadcrumbList\",\"@id\":\"https:\/\/www.koupeltech.com\/index.php\/produkt\/pouze-dnes-dormeo-rost-compact-flex-39496\/#breadcrumb\",\"itemListElement\":[{\"@type\":\"ListItem\",\"position\":1,\"name\":\"Home\",\"item\":\"https:\/\/www.koupeltech.com\/\"},{\"@type\":\"ListItem\",\"position\":2,\"name\":\"Products\",\"item\":\"https:\/\/www.koupeltech.com\/index.php\/products\/\"},{\"@type\":\"ListItem\",\"position\":3,\"name\":\"Pouze Dnes Dormeo Ro\u0161t Compact Flex\"}]},{\"@type\":\"WebSite\",\"@id\":\"https:\/\/www.koupeltech.com\/#website\",\"url\":\"https:\/\/www.koupeltech.com\/\",\"name\":\"\",\"description\":\"\",\"potentialAction\":[{\"@type\":\"SearchAction\",\"target\":{\"@type\":\"EntryPoint\",\"urlTemplate\":\"https:\/\/www.koupeltech.com\/?s={search_term_string}\"},\"query-input\":{\"@type\":\"PropertyValueSpecification\",\"valueRequired\":true,\"valueName\":\"search_term_string\"}}],\"inLanguage\":\"cs\"}]}<\/script>\n<!-- \/ Yoast SEO plugin. -->","yoast_head_json":{"title":"Pouze Dnes Dormeo Ro\u0161t Compact Flex -","robots":{"index":"index","follow":"follow","max-snippet":"max-snippet:-1","max-image-preview":"max-image-preview:large","max-video-preview":"max-video-preview:-1"},"canonical":"https:\/\/www.koupeltech.com\/index.php\/produkt\/pouze-dnes-dormeo-rost-compact-flex-39496\/","og_locale":"cs_CZ","og_type":"article","og_title":"Pouze Dnes Dormeo Ro\u0161t Compact Flex -","og_description":"Dormeo Ro\u0161t Compact Flex Lamelov\u00fd ro\u0161t Dormeo Compact flex je vyroben\u00fd z b\u0159ezov\u00e9ho d\u0159eva, poskytuje oporu va\u0161\u00ed matraci a zaji\u0161\u0165uje ergonomickou polohu t\u011bla. Nab\u00edz\u00ed nespo\u010det v\u00fdhod pro va\u0161i matraci i pro va\u0161e pohodl\u00ed: Lamelov\u00fd ro\u0161t Dormeo Compact flex je vyroben\u00fd z 28 flexibiln\u00edch lamel, kter\u00e9 jsou ukotven\u00e9 v b\u0159ezov\u00e9m nebo bukov\u00e9m r\u00e1mu pomoc\u00ed gumov\u00fdch hlavic. [&hellip;]","og_url":"https:\/\/www.koupeltech.com\/index.php\/produkt\/pouze-dnes-dormeo-rost-compact-flex-39496\/","og_image":[{"width":1000,"height":525,"url":"https:\/\/www.koupeltech.com\/wp-content\/uploads\/2026\/SK0020340-CZ20260425-093449-0-1777080896-dormeo-rost-compact-flex.webp","type":"image\/webp"}],"twitter_card":"summary_large_image","twitter_misc":{"Odhadovan\u00e1 doba \u010dten\u00ed":"2 minuty"},"schema":{"@context":"https:\/\/schema.org","@graph":[{"@type":"WebPage","@id":"https:\/\/www.koupeltech.com\/index.php\/produkt\/pouze-dnes-dormeo-rost-compact-flex-39496\/","url":"https:\/\/www.koupeltech.com\/index.php\/produkt\/pouze-dnes-dormeo-rost-compact-flex-39496\/","name":"Pouze Dnes Dormeo Ro\u0161t Compact Flex -","isPartOf":{"@id":"https:\/\/www.koupeltech.com\/#website"},"primaryImageOfPage":{"@id":"https:\/\/www.koupeltech.com\/index.php\/produkt\/pouze-dnes-dormeo-rost-compact-flex-39496\/#primaryimage"},"image":{"@id":"https:\/\/www.koupeltech.com\/index.php\/produkt\/pouze-dnes-dormeo-rost-compact-flex-39496\/#primaryimage"},"thumbnailUrl":"https:\/\/www.koupeltech.com\/wp-content\/uploads\/2026\/SK0020340-CZ20260425-093449-0-1777080896-dormeo-rost-compact-flex.webp","datePublished":"2026-04-27T14:01:45+00:00","breadcrumb":{"@id":"https:\/\/www.koupeltech.com\/index.php\/produkt\/pouze-dnes-dormeo-rost-compact-flex-39496\/#breadcrumb"},"inLanguage":"cs","potentialAction":[{"@type":"ReadAction","target":["https:\/\/www.koupeltech.com\/index.php\/produkt\/pouze-dnes-dormeo-rost-compact-flex-39496\/"]}]},{"@type":"ImageObject","inLanguage":"cs","@id":"https:\/\/www.koupeltech.com\/index.php\/produkt\/pouze-dnes-dormeo-rost-compact-flex-39496\/#primaryimage","url":"https:\/\/www.koupeltech.com\/wp-content\/uploads\/2026\/SK0020340-CZ20260425-093449-0-1777080896-dormeo-rost-compact-flex.webp","contentUrl":"https:\/\/www.koupeltech.com\/wp-content\/uploads\/2026\/SK0020340-CZ20260425-093449-0-1777080896-dormeo-rost-compact-flex.webp","width":1000,"height":525},{"@type":"BreadcrumbList","@id":"https:\/\/www.koupeltech.com\/index.php\/produkt\/pouze-dnes-dormeo-rost-compact-flex-39496\/#breadcrumb","itemListElement":[{"@type":"ListItem","position":1,"name":"Home","item":"https:\/\/www.koupeltech.com\/"},{"@type":"ListItem","position":2,"name":"Products","item":"https:\/\/www.koupeltech.com\/index.php\/products\/"},{"@type":"ListItem","position":3,"name":"Pouze Dnes Dormeo Ro\u0161t Compact Flex"}]},{"@type":"WebSite","@id":"https:\/\/www.koupeltech.com\/#website","url":"https:\/\/www.koupeltech.com\/","name":"","description":"","potentialAction":[{"@type":"SearchAction","target":{"@type":"EntryPoint","urlTemplate":"https:\/\/www.koupeltech.com\/?s={search_term_string}"},"query-input":{"@type":"PropertyValueSpecification","valueRequired":true,"valueName":"search_term_string"}}],"inLanguage":"cs"}]}},"_links":{"self":[{"href":"https:\/\/www.koupeltech.com\/index.php\/wp-json\/wp\/v2\/product\/39496","targetHints":{"allow":["GET"]}}],"collection":[{"href":"https:\/\/www.koupeltech.com\/index.php\/wp-json\/wp\/v2\/product"}],"about":[{"href":"https:\/\/www.koupeltech.com\/index.php\/wp-json\/wp\/v2\/types\/product"}],"replies":[{"embeddable":true,"href":"https:\/\/www.koupeltech.com\/index.php\/wp-json\/wp\/v2\/comments?post=39496"}],"wp:featuredmedia":[{"embeddable":true,"href":"https:\/\/www.koupeltech.com\/index.php\/wp-json\/wp\/v2\/media\/39596"}],"wp:attachment":[{"href":"https:\/\/www.koupeltech.com\/index.php\/wp-json\/wp\/v2\/media?parent=39496"}],"wp:term":[{"taxonomy":"product_brand","embeddable":true,"href":"https:\/\/www.koupeltech.com\/index.php\/wp-json\/wp\/v2\/product_brand?post=39496"},{"taxonomy":"product_cat","embeddable":true,"href":"https:\/\/www.koupeltech.com\/index.php\/wp-json\/wp\/v2\/product_cat?post=39496"},{"taxonomy":"product_tag","embeddable":true,"href":"https:\/\/www.koupeltech.com\/index.php\/wp-json\/wp\/v2\/product_tag?post=39496"}],"curies":[{"name":"wp","href":"https:\/\/api.w.org\/{rel}","templated":true}]}}