{"id":39517,"date":"2026-04-27T14:01:45","date_gmt":"2026-04-27T14:01:45","guid":{"rendered":""},"modified":"2026-04-27T14:01:45","modified_gmt":"2026-04-27T14:01:45","slug":"posledni-sance-geberit-eco-wc-komplet-lyraplus-39517","status":"publish","type":"product","link":"https:\/\/www.koupeltech.com\/index.php\/produkt\/posledni-sance-geberit-eco-wc-komplet-lyraplus-39517\/","title":{"rendered":"Posledn\u00ed \u0160ance Geberit Eco WC komplet LYRAPlus"},"content":{"rendered":"<div id=\"e3682441\" class=\"pages\">\n<div>\n<div id=\"PDDescription\" class=\"UserContentView userContent v1a v1 bs-view dcon dc164 PDDescription\" ><dc-con><dc-con><bs-empty><\/bs-empty><\/dc-con><dc-con>        <\/p>\n<div class=\"customDescription\">                    <\/div>\n<p><\/dc-con><dc-con><\/p>\n<p><strong><span style=\"color: #4b4b4b; text-transform: none; text-indent: 0px; letter-spacing: normal; font-family: 'Open Sans', sans-serif; font-size: 14px; font-style: normal; word-spacing: 0px; float: none; display: inline !important; white-space: normal; orphans: 2; widows: 2; background-color: #ffffff; font-variant-ligatures: normal; font-variant-caps: normal; -webkit-text-stroke-width: 0px; text-decoration-style: initial; text-decoration-color: initial;\">Geberit ECO\u00a0pro z\u00e1v\u011bsn\u00e9 WC s m\u00edsou JIKA Euroline<\/span><\/strong><\/p>\n<p><span style=\"color: #4b4b4b; text-transform: none; text-indent: 0px; letter-spacing: normal; font-family: 'Open Sans', sans-serif; font-size: 14px; font-style: normal; font-weight: 400; word-spacing: 0px; float: none; display: inline !important; white-space: normal; orphans: 2; widows: 2; background-color: #ffffff; font-variant-ligatures: normal; font-variant-caps: normal; -webkit-text-stroke-width: 0px; text-decoration-style: initial; text-decoration-color: initial;\"><strong>\u00da\u010dely pou\u017eit<\/strong>\u00ed <\/span><\/p>\n<p><span style=\"color: #4b4b4b; text-transform: none; text-indent: 0px; letter-spacing: normal; font-family: 'Open Sans', sans-serif; font-size: 14px; font-style: normal; font-weight: 400; word-spacing: 0px; float: none; display: inline !important; white-space: normal; orphans: 2; widows: 2; background-color: #ffffff; font-variant-ligatures: normal; font-variant-caps: normal; -webkit-text-stroke-width: 0px; text-decoration-style: initial; text-decoration-color: initial;\">\u2022 Pro zd\u011bn\u00e9 st\u011bny <br \/>\u2022 K mont\u00e1\u017ei do p\u0159edst\u011bnov\u00fdch instalac\u00ed \u010d\u00e1ste\u010dn\u011b vysok\u00fdch nebo vysok\u00fdch na v\u00fd\u0161ku m\u00edstnosti <br \/>\u2022 Pro z\u00e1v\u011bsn\u00e1 WC s p\u0159ipojovac\u00edmi rozm\u011bry podle EN 33:2011 <br \/>\u2022 Pro 1 mno\u017estv\u00ed splachov\u00e1n\u00ed, 2 mno\u017estv\u00ed splachov\u00e1n\u00ed nebo splachov\u00e1n\u00ed Start\/Stop <\/p>\n<p><strong>Vlastnosti <\/strong><\/span><\/p>\n<p><span style=\"color: #4b4b4b; text-transform: none; text-indent: 0px; letter-spacing: normal; font-family: 'Open Sans', sans-serif; font-size: 14px; font-style: normal; font-weight: 400; word-spacing: 0px; float: none; display: inline !important; white-space: normal; orphans: 2; widows: 2; background-color: #ffffff; font-variant-ligatures: normal; font-variant-caps: normal; -webkit-text-stroke-width: 0px; text-decoration-style: initial; text-decoration-color: initial;\">\u2022 Mont\u00e1\u017en\u00ed r\u00e1m s pr\u00e1\u0161kovou barvou <br \/>\u2022 Mont\u00e1\u017en\u00ed r\u00e1m se \u010dty\u0159mi upev\u0148ovac\u00edmi \u00faheln\u00edky <br \/>\u2022 P\u0159ipojovac\u00ed koleno k mont\u00e1\u017ei bez n\u00e1\u0159ad\u00ed <br \/>\u2022 Upevn\u011bn\u00ed p\u0159ipojovac\u00edho kolena lze instalovat zep\u0159edu bez n\u00e1\u0159ad\u00ed <br \/>\u2022 Splachovac\u00ed n\u00e1dr\u017eka pod om\u00edtku s ovl\u00e1d\u00e1n\u00edm zep\u0159edu <br \/>\u2022 Splachovac\u00ed n\u00e1dr\u017eka pod om\u00edtku izolovan\u00e1 proti orosov\u00e1n\u00ed <br \/>\u2022 U nastaven\u00ed z v\u00fdroby je mo\u017en\u00e9 okam\u017eit\u00e9 dodate\u010dn\u00e9 spl\u00e1chnut\u00ed <br \/>\u2022 Mont\u00e1\u017en\u00ed a servisn\u00ed pr\u00e1ce na splachovac\u00ed n\u00e1dr\u017ece pod om\u00edtku bez n\u00e1\u0159ad\u00ed <br \/>\u2022 P\u0159\u00edvod vody vzadu nebo naho\u0159e uprost\u0159ed <br \/>\u2022 Kryt pro hrubou mont\u00e1\u017e pro servisn\u00ed otvor chr\u00e1n\u00ed p\u0159ed vlhkost\u00ed a ne\u010distotami <br \/>\u2022 Kryt pro hrubou mont\u00e1\u017e pro servisn\u00ed otvor s mo\u017enost\u00ed zkr\u00e1cen\u00ed <br \/>\u2022 Vybaven trubkovou chr\u00e1ni\u010dkou pro p\u0159\u00edvodn\u00ed potrub\u00ed k p\u0159ipojen\u00ed sprchovac\u00edch WC Geberit AquaClean <br \/>\u2022 S mo\u017enost\u00ed upevn\u011bn\u00ed pro p\u0159\u00edvod elekt\u0159iny Rozsah dod\u00e1vky <br \/>\u2022 P\u0159\u00edvod vody R 1\/2\u201c, vhodn\u00fd pro MF, s integrovan\u00fdm rohov\u00fdm ventilem a ru\u010dn\u00edm ovl\u00e1dac\u00edm kole\u010dkem <br \/>\u2022 Kryt pro hrubou mont\u00e1\u017e pro servisn\u00ed otvor <br \/>\u2022 P\u0159ipojovac\u00ed souprava pro WC, \u00f8 90 mm <br \/>\u2022 P\u0159ipojovac\u00ed koleno \u00f8 90 \/ 110 mm <br \/>\u2022 2 ochrann\u00e9 z\u00e1tky <br \/>\u2022 2 z\u00e1vitov\u00e9 ty\u010de M12 <br \/>\u2022 Upev\u0148ovac\u00ed materi\u00e1l<br \/><\/span><\/p>\n<p>\u00a0<\/p>\n<p style=\"color: #000000; text-transform: none; text-indent: 0px; letter-spacing: normal; padding-top: 0px; font-family: Arial, Verdana, Tahoma; font-size: 14px; font-style: normal; font-weight: 400; margin-top: 0px; word-spacing: 0px; white-space: normal; orphans: 2; widows: 2; background-color: #ffffff; font-variant-ligatures: normal; font-variant-caps: normal; -webkit-text-stroke-width: 0px; text-decoration-style: initial; text-decoration-color: initial;\"><strong>Jika EUROLINE (DINO)<\/strong> <br \/>klozet z\u00e1v\u011bsn\u00fd, b\u00edl\u00e9 proveden\u00ed &#8211; levn\u00e9, ale p\u0159itom pohodln\u00e9 z\u00e1v\u011bsn\u00e9 WC. Tento model je v nab\u00eddce ji\u017e n\u011bkolik m\u011bs\u00edc\u016f a d\u00edky p\u0159etrv\u00e1vaj\u00edc\u00edmu z\u00e1jmu o tento z\u00e1v\u011bsn\u00fd klozet jej pl\u00e1nujeme nab\u00edzet i v n\u00e1sleduj\u00edc\u00edm roce. Z\u00e1v\u011bsn\u00fd klozet Jika Euroline je vhodn\u00fd pro nen\u00e1ro\u010dn\u00e9 z\u00e1kazn\u00edky, kter\u00e9 oslov\u00ed p\u0159edev\u0161\u00edm svoj\u00ed velice p\u0159\u00edjemnou cenou.<\/p>\n<p style=\"color: #000000; text-transform: none; text-indent: 0px; letter-spacing: normal; padding-top: 0px; font-family: Arial, Verdana, Tahoma; font-size: 14px; font-style: normal; font-weight: 400; margin-top: 0px; word-spacing: 0px; white-space: normal; orphans: 2; widows: 2; background-color: #ffffff; font-variant-ligatures: normal; font-variant-caps: normal; -webkit-text-stroke-width: 0px; text-decoration-style: initial; text-decoration-color: initial;\"><span style=\"color: #ff0000;\"><strong>\u00a0<\/strong><\/span><\/p>\n<p style=\"color: #000000; text-transform: none; text-indent: 0px; letter-spacing: normal; padding-top: 0px; padding-bottom: 0px; font-family: Arial, Verdana, Tahoma; font-size: 14px; font-style: normal; font-weight: 400; margin-top: 0px; margin-bottom: 0px; word-spacing: 0px; white-space: normal; orphans: 2; widows: 2; background-color: #ffffff; font-variant-ligatures: normal; font-variant-caps: normal; -webkit-text-stroke-width: 0px; text-decoration-style: initial; text-decoration-color: initial;\"><strong>Rozm\u011bry:<\/strong>\u00a0355mm (\u0161\u00ed\u0159ka) x 530mm (hloubka od zdi) x 340mm (v\u00fd\u0161ka).<\/p>\n<p><\/dc-con><\/dc-con><\/div>\n<\/p><\/div>\n<div id=\"PDTable3\" class=\"ProductDetailTableView v3a v3 bs-view dcon dc185 PDTable3\" >\n<table>\n<thead><\/thead>\n<tbody>\n<tr class=\"attribute attr_typ\">\n<td class=\"caption\">Typ<\/td>\n<td class=\"value\">k zazd\u011bn\u00ed<\/td>\n<\/tr>\n<tr class=\"attribute attr_kategorie\">\n<td class=\"caption\">Kategorie<\/td>\n<td class=\"value\">WC set<\/td>\n<\/tr>\n<tr class=\"attribute attr_bsshop_maker\">\n<td class=\"caption\">V\u00fdrobce<\/td>\n<td class=\"value\">Geberit<\/td>\n<\/tr>\n<tr class=\"weight\">\n<td class=\"caption\"><span>Hmotnost<\/span><\/td>\n<td class=\"value\"><span>24,20 kg<\/span><\/td>\n<\/tr>\n<\/tbody>\n<\/table>\n<\/div>\n<\/div>\n<div id=\"e3682442\" class=\"tabs\">\n","protected":false},"excerpt":{"rendered":"<p>Geberit ECO\u00a0pro z\u00e1v\u011bsn\u00e9 WC s m\u00edsou JIKA Euroline \u00da\u010dely pou\u017eit\u00ed \u2022 Pro zd\u011bn\u00e9 st\u011bny \u2022 K mont\u00e1\u017ei do p\u0159edst\u011bnov\u00fdch instalac\u00ed \u010d\u00e1ste\u010dn\u011b vysok\u00fdch nebo vysok\u00fdch na v\u00fd\u0161ku m\u00edstnosti \u2022 Pro z\u00e1v\u011bsn\u00e1 WC s p\u0159ipojovac\u00edmi rozm\u011bry podle EN 33:2011 \u2022 Pro 1 mno\u017estv\u00ed splachov\u00e1n\u00ed, 2 mno\u017estv\u00ed splachov\u00e1n\u00ed nebo splachov\u00e1n\u00ed Start\/Stop Vlastnosti \u2022 Mont\u00e1\u017en\u00ed r\u00e1m s pr\u00e1\u0161kovou barvou [&hellip;]<\/p>\n","protected":false},"featured_media":39617,"comment_status":"open","ping_status":"open","template":"","meta":[],"product_brand":[],"product_cat":[94],"product_tag":[],"class_list":{"0":"post-39517","1":"product","2":"type-product","3":"status-publish","4":"has-post-thumbnail","6":"product_cat-vybaven-237-koupelny","8":"first","9":"instock","10":"sale","11":"shipping-taxable","12":"purchasable","13":"product-type-simple"},"yoast_head":"<!-- This site is optimized with the Yoast SEO plugin v26.8 - https:\/\/yoast.com\/product\/yoast-seo-wordpress\/ -->\n<title>Posledn\u00ed \u0160ance Geberit Eco WC komplet LYRAPlus -<\/title>\n<meta name=\"robots\" content=\"index, follow, max-snippet:-1, max-image-preview:large, max-video-preview:-1\" \/>\n<link rel=\"canonical\" href=\"https:\/\/www.koupeltech.com\/index.php\/produkt\/posledni-sance-geberit-eco-wc-komplet-lyraplus-39517\/\" \/>\n<meta property=\"og:locale\" content=\"cs_CZ\" \/>\n<meta property=\"og:type\" content=\"article\" \/>\n<meta property=\"og:title\" content=\"Posledn\u00ed \u0160ance Geberit Eco WC komplet LYRAPlus -\" \/>\n<meta property=\"og:description\" content=\"Geberit ECO\u00a0pro z\u00e1v\u011bsn\u00e9 WC s m\u00edsou JIKA Euroline \u00da\u010dely pou\u017eit\u00ed \u2022 Pro zd\u011bn\u00e9 st\u011bny \u2022 K mont\u00e1\u017ei do p\u0159edst\u011bnov\u00fdch instalac\u00ed \u010d\u00e1ste\u010dn\u011b vysok\u00fdch nebo vysok\u00fdch na v\u00fd\u0161ku m\u00edstnosti \u2022 Pro z\u00e1v\u011bsn\u00e1 WC s p\u0159ipojovac\u00edmi rozm\u011bry podle EN 33:2011 \u2022 Pro 1 mno\u017estv\u00ed splachov\u00e1n\u00ed, 2 mno\u017estv\u00ed splachov\u00e1n\u00ed nebo splachov\u00e1n\u00ed Start\/Stop Vlastnosti \u2022 Mont\u00e1\u017en\u00ed r\u00e1m s pr\u00e1\u0161kovou barvou [&hellip;]\" \/>\n<meta property=\"og:url\" content=\"https:\/\/www.koupeltech.com\/index.php\/produkt\/posledni-sance-geberit-eco-wc-komplet-lyraplus-39517\/\" \/>\n<meta property=\"og:image\" content=\"https:\/\/www.koupeltech.com\/wp-content\/uploads\/2026\/SK0020366-CZ20260425-093449-0-1777080896-geberit-eco-wc-komplet-lyraplus.webp\" \/>\n\t<meta property=\"og:image:width\" content=\"1000\" \/>\n\t<meta property=\"og:image:height\" content=\"525\" \/>\n\t<meta property=\"og:image:type\" content=\"image\/webp\" \/>\n<meta name=\"twitter:card\" content=\"summary_large_image\" \/>\n<meta name=\"twitter:label1\" content=\"Odhadovan\u00e1 doba \u010dten\u00ed\" \/>\n\t<meta name=\"twitter:data1\" content=\"2 minuty\" \/>\n<script type=\"application\/ld+json\" class=\"yoast-schema-graph\">{\"@context\":\"https:\/\/schema.org\",\"@graph\":[{\"@type\":\"WebPage\",\"@id\":\"https:\/\/www.koupeltech.com\/index.php\/produkt\/posledni-sance-geberit-eco-wc-komplet-lyraplus-39517\/\",\"url\":\"https:\/\/www.koupeltech.com\/index.php\/produkt\/posledni-sance-geberit-eco-wc-komplet-lyraplus-39517\/\",\"name\":\"Posledn\u00ed \u0160ance Geberit Eco WC komplet LYRAPlus -\",\"isPartOf\":{\"@id\":\"https:\/\/www.koupeltech.com\/#website\"},\"primaryImageOfPage\":{\"@id\":\"https:\/\/www.koupeltech.com\/index.php\/produkt\/posledni-sance-geberit-eco-wc-komplet-lyraplus-39517\/#primaryimage\"},\"image\":{\"@id\":\"https:\/\/www.koupeltech.com\/index.php\/produkt\/posledni-sance-geberit-eco-wc-komplet-lyraplus-39517\/#primaryimage\"},\"thumbnailUrl\":\"https:\/\/www.koupeltech.com\/wp-content\/uploads\/2026\/SK0020366-CZ20260425-093449-0-1777080896-geberit-eco-wc-komplet-lyraplus.webp\",\"datePublished\":\"2026-04-27T14:01:45+00:00\",\"breadcrumb\":{\"@id\":\"https:\/\/www.koupeltech.com\/index.php\/produkt\/posledni-sance-geberit-eco-wc-komplet-lyraplus-39517\/#breadcrumb\"},\"inLanguage\":\"cs\",\"potentialAction\":[{\"@type\":\"ReadAction\",\"target\":[\"https:\/\/www.koupeltech.com\/index.php\/produkt\/posledni-sance-geberit-eco-wc-komplet-lyraplus-39517\/\"]}]},{\"@type\":\"ImageObject\",\"inLanguage\":\"cs\",\"@id\":\"https:\/\/www.koupeltech.com\/index.php\/produkt\/posledni-sance-geberit-eco-wc-komplet-lyraplus-39517\/#primaryimage\",\"url\":\"https:\/\/www.koupeltech.com\/wp-content\/uploads\/2026\/SK0020366-CZ20260425-093449-0-1777080896-geberit-eco-wc-komplet-lyraplus.webp\",\"contentUrl\":\"https:\/\/www.koupeltech.com\/wp-content\/uploads\/2026\/SK0020366-CZ20260425-093449-0-1777080896-geberit-eco-wc-komplet-lyraplus.webp\",\"width\":1000,\"height\":525},{\"@type\":\"BreadcrumbList\",\"@id\":\"https:\/\/www.koupeltech.com\/index.php\/produkt\/posledni-sance-geberit-eco-wc-komplet-lyraplus-39517\/#breadcrumb\",\"itemListElement\":[{\"@type\":\"ListItem\",\"position\":1,\"name\":\"Home\",\"item\":\"https:\/\/www.koupeltech.com\/\"},{\"@type\":\"ListItem\",\"position\":2,\"name\":\"Products\",\"item\":\"https:\/\/www.koupeltech.com\/index.php\/products\/\"},{\"@type\":\"ListItem\",\"position\":3,\"name\":\"Posledn\u00ed \u0160ance Geberit Eco WC komplet LYRAPlus\"}]},{\"@type\":\"WebSite\",\"@id\":\"https:\/\/www.koupeltech.com\/#website\",\"url\":\"https:\/\/www.koupeltech.com\/\",\"name\":\"\",\"description\":\"\",\"potentialAction\":[{\"@type\":\"SearchAction\",\"target\":{\"@type\":\"EntryPoint\",\"urlTemplate\":\"https:\/\/www.koupeltech.com\/?s={search_term_string}\"},\"query-input\":{\"@type\":\"PropertyValueSpecification\",\"valueRequired\":true,\"valueName\":\"search_term_string\"}}],\"inLanguage\":\"cs\"}]}<\/script>\n<!-- \/ Yoast SEO plugin. -->","yoast_head_json":{"title":"Posledn\u00ed \u0160ance Geberit Eco WC komplet LYRAPlus -","robots":{"index":"index","follow":"follow","max-snippet":"max-snippet:-1","max-image-preview":"max-image-preview:large","max-video-preview":"max-video-preview:-1"},"canonical":"https:\/\/www.koupeltech.com\/index.php\/produkt\/posledni-sance-geberit-eco-wc-komplet-lyraplus-39517\/","og_locale":"cs_CZ","og_type":"article","og_title":"Posledn\u00ed \u0160ance Geberit Eco WC komplet LYRAPlus -","og_description":"Geberit ECO\u00a0pro z\u00e1v\u011bsn\u00e9 WC s m\u00edsou JIKA Euroline \u00da\u010dely pou\u017eit\u00ed \u2022 Pro zd\u011bn\u00e9 st\u011bny \u2022 K mont\u00e1\u017ei do p\u0159edst\u011bnov\u00fdch instalac\u00ed \u010d\u00e1ste\u010dn\u011b vysok\u00fdch nebo vysok\u00fdch na v\u00fd\u0161ku m\u00edstnosti \u2022 Pro z\u00e1v\u011bsn\u00e1 WC s p\u0159ipojovac\u00edmi rozm\u011bry podle EN 33:2011 \u2022 Pro 1 mno\u017estv\u00ed splachov\u00e1n\u00ed, 2 mno\u017estv\u00ed splachov\u00e1n\u00ed nebo splachov\u00e1n\u00ed Start\/Stop Vlastnosti \u2022 Mont\u00e1\u017en\u00ed r\u00e1m s pr\u00e1\u0161kovou barvou [&hellip;]","og_url":"https:\/\/www.koupeltech.com\/index.php\/produkt\/posledni-sance-geberit-eco-wc-komplet-lyraplus-39517\/","og_image":[{"width":1000,"height":525,"url":"https:\/\/www.koupeltech.com\/wp-content\/uploads\/2026\/SK0020366-CZ20260425-093449-0-1777080896-geberit-eco-wc-komplet-lyraplus.webp","type":"image\/webp"}],"twitter_card":"summary_large_image","twitter_misc":{"Odhadovan\u00e1 doba \u010dten\u00ed":"2 minuty"},"schema":{"@context":"https:\/\/schema.org","@graph":[{"@type":"WebPage","@id":"https:\/\/www.koupeltech.com\/index.php\/produkt\/posledni-sance-geberit-eco-wc-komplet-lyraplus-39517\/","url":"https:\/\/www.koupeltech.com\/index.php\/produkt\/posledni-sance-geberit-eco-wc-komplet-lyraplus-39517\/","name":"Posledn\u00ed \u0160ance Geberit Eco WC komplet LYRAPlus -","isPartOf":{"@id":"https:\/\/www.koupeltech.com\/#website"},"primaryImageOfPage":{"@id":"https:\/\/www.koupeltech.com\/index.php\/produkt\/posledni-sance-geberit-eco-wc-komplet-lyraplus-39517\/#primaryimage"},"image":{"@id":"https:\/\/www.koupeltech.com\/index.php\/produkt\/posledni-sance-geberit-eco-wc-komplet-lyraplus-39517\/#primaryimage"},"thumbnailUrl":"https:\/\/www.koupeltech.com\/wp-content\/uploads\/2026\/SK0020366-CZ20260425-093449-0-1777080896-geberit-eco-wc-komplet-lyraplus.webp","datePublished":"2026-04-27T14:01:45+00:00","breadcrumb":{"@id":"https:\/\/www.koupeltech.com\/index.php\/produkt\/posledni-sance-geberit-eco-wc-komplet-lyraplus-39517\/#breadcrumb"},"inLanguage":"cs","potentialAction":[{"@type":"ReadAction","target":["https:\/\/www.koupeltech.com\/index.php\/produkt\/posledni-sance-geberit-eco-wc-komplet-lyraplus-39517\/"]}]},{"@type":"ImageObject","inLanguage":"cs","@id":"https:\/\/www.koupeltech.com\/index.php\/produkt\/posledni-sance-geberit-eco-wc-komplet-lyraplus-39517\/#primaryimage","url":"https:\/\/www.koupeltech.com\/wp-content\/uploads\/2026\/SK0020366-CZ20260425-093449-0-1777080896-geberit-eco-wc-komplet-lyraplus.webp","contentUrl":"https:\/\/www.koupeltech.com\/wp-content\/uploads\/2026\/SK0020366-CZ20260425-093449-0-1777080896-geberit-eco-wc-komplet-lyraplus.webp","width":1000,"height":525},{"@type":"BreadcrumbList","@id":"https:\/\/www.koupeltech.com\/index.php\/produkt\/posledni-sance-geberit-eco-wc-komplet-lyraplus-39517\/#breadcrumb","itemListElement":[{"@type":"ListItem","position":1,"name":"Home","item":"https:\/\/www.koupeltech.com\/"},{"@type":"ListItem","position":2,"name":"Products","item":"https:\/\/www.koupeltech.com\/index.php\/products\/"},{"@type":"ListItem","position":3,"name":"Posledn\u00ed \u0160ance Geberit Eco WC komplet LYRAPlus"}]},{"@type":"WebSite","@id":"https:\/\/www.koupeltech.com\/#website","url":"https:\/\/www.koupeltech.com\/","name":"","description":"","potentialAction":[{"@type":"SearchAction","target":{"@type":"EntryPoint","urlTemplate":"https:\/\/www.koupeltech.com\/?s={search_term_string}"},"query-input":{"@type":"PropertyValueSpecification","valueRequired":true,"valueName":"search_term_string"}}],"inLanguage":"cs"}]}},"_links":{"self":[{"href":"https:\/\/www.koupeltech.com\/index.php\/wp-json\/wp\/v2\/product\/39517","targetHints":{"allow":["GET"]}}],"collection":[{"href":"https:\/\/www.koupeltech.com\/index.php\/wp-json\/wp\/v2\/product"}],"about":[{"href":"https:\/\/www.koupeltech.com\/index.php\/wp-json\/wp\/v2\/types\/product"}],"replies":[{"embeddable":true,"href":"https:\/\/www.koupeltech.com\/index.php\/wp-json\/wp\/v2\/comments?post=39517"}],"wp:featuredmedia":[{"embeddable":true,"href":"https:\/\/www.koupeltech.com\/index.php\/wp-json\/wp\/v2\/media\/39617"}],"wp:attachment":[{"href":"https:\/\/www.koupeltech.com\/index.php\/wp-json\/wp\/v2\/media?parent=39517"}],"wp:term":[{"taxonomy":"product_brand","embeddable":true,"href":"https:\/\/www.koupeltech.com\/index.php\/wp-json\/wp\/v2\/product_brand?post=39517"},{"taxonomy":"product_cat","embeddable":true,"href":"https:\/\/www.koupeltech.com\/index.php\/wp-json\/wp\/v2\/product_cat?post=39517"},{"taxonomy":"product_tag","embeddable":true,"href":"https:\/\/www.koupeltech.com\/index.php\/wp-json\/wp\/v2\/product_tag?post=39517"}],"curies":[{"name":"wp","href":"https:\/\/api.w.org\/{rel}","templated":true}]}}